{"id":5261,"date":"2022-06-30T11:15:14","date_gmt":"2022-06-30T09:15:14","guid":{"rendered":"https:\/\/www.domizilagentur.ch\/?page_id=5261"},"modified":"2026-03-24T16:41:03","modified_gmt":"2026-03-24T15:41:03","slug":"conselho-de-administracao-mandato-do-diretor-executivo","status":"publish","type":"page","link":"https:\/\/www.domizilagentur.ch\/pt-pt\/conselho-de-administracao-mandato-do-diretor-executivo\/","title":{"rendered":"Conselho de Administra\u00e7\u00e3o \/ Mandato do Diretor Executivo"},"content":{"rendered":"<p><div class=\"fusion-fullwidth fullwidth-box fusion-builder-row-1 fusion-flex-container nonhundred-percent-fullwidth non-hundred-percent-height-scrolling\" style=\"--awb-border-radius-top-left:0px;--awb-border-radius-top-right:0px;--awb-border-radius-bottom-right:0px;--awb-border-radius-bottom-left:0px;--awb-padding-top:20px;--awb-padding-bottom:20px;--awb-padding-top-small:20px;--awb-padding-bottom-small:0px;--awb-margin-top:0px;--awb-margin-bottom:0px;--awb-background-image:linear-gradient(360deg, #f9fafb 14%,#ffffff 14%);--awb-flex-wrap:wrap;\" ><div class=\"fusion-builder-row fusion-row fusion-flex-align-items-stretch fusion-flex-justify-content-center fusion-flex-content-wrap\" style=\"max-width:1310.4px;margin-left: calc(-4% \/ 2 );margin-right: calc(-4% \/ 2 );\"><div class=\"fusion-layout-column fusion_builder_column fusion-builder-column-0 fusion_builder_column_1_2 1_2 fusion-flex-column\" style=\"--awb-bg-size:cover;--awb-width-large:50%;--awb-margin-top-large:20px;--awb-spacing-right-large:11.52%;--awb-margin-bottom-large:68px;--awb-spacing-left-large:3.84%;--awb-width-medium:50%;--awb-order-medium:0;--awb-margin-top-medium:20px;--awb-spacing-right-medium:3.84%;--awb-margin-bottom-medium:20px;--awb-spacing-left-medium:3.84%;--awb-width-small:100%;--awb-order-small:0;--awb-margin-top-small:20px;--awb-spacing-right-small:1.92%;--awb-spacing-left-small:1.92%;\"><div class=\"fusion-column-wrapper fusion-column-has-shadow fusion-flex-justify-content-center fusion-content-layout-column\"><div class=\"fusion-title title fusion-title-1 fusion-sep-none fusion-title-text fusion-title-size-four\" style=\"--awb-text-color:#0768af;--awb-margin-top:0px;--awb-margin-bottom:8px;--awb-margin-top-small:10px;--awb-margin-right-small:0px;--awb-margin-bottom-small:0px;--awb-margin-left-small:0px;\"><h4 class=\"fusion-title-heading title-heading-left fusion-responsive-typography-calculated\" style=\"margin:0;--fontSize:22;--minFontSize:22;line-height:1.42;\">Conselho de Administra\u00e7\u00e3o \/ Mandato do Diretor Executivo<\/h4><\/div><div class=\"fusion-title title fusion-title-2 fusion-sep-none fusion-title-text fusion-title-size-one\" style=\"--awb-margin-top-small:10px;--awb-margin-right-small:0px;--awb-margin-bottom-small:20px;--awb-margin-left-small:0px;\"><h1 class=\"fusion-title-heading title-heading-left fusion-responsive-typography-calculated\" style=\"margin:0;--fontSize:40;line-height:1.16;\">Mandato do Conselho de Administra\u00e7\u00e3o | Mandato do Diretor Executivo na Su\u00ed\u00e7a (Zug e Zurique)<\/h1><\/div><div class=\"fusion-text fusion-text-1\" style=\"--awb-text-transform:none;\"><p>Uma Aktiengesellschaft (AG) ou GmbH domiciliada na Su\u00ed\u00e7a deve ser representada por, pelo menos, uma pessoa com domic\u00edlio na Su\u00ed\u00e7a. Para os nossos clientes, assumimos o papel de Diretor Executivo de uma GmbH ou de membro do Conselho de Administra\u00e7\u00e3o de uma Aktiengesellschaft (AG) por mandato. <\/p>\n<\/div><\/div><\/div><div class=\"fusion-layout-column fusion_builder_column fusion-builder-column-1 fusion_builder_column_1_2 1_2 fusion-flex-column\" style=\"--awb-bg-size:cover;--awb-width-large:50%;--awb-margin-top-large:20px;--awb-spacing-right-large:3.84%;--awb-margin-bottom-large:20px;--awb-spacing-left-large:7.68%;--awb-width-medium:50%;--awb-order-medium:0;--awb-spacing-right-medium:3.84%;--awb-spacing-left-medium:7.68%;--awb-width-small:100%;--awb-order-small:0;--awb-spacing-right-small:1.92%;--awb-spacing-left-small:3.84%;\"><div class=\"fusion-column-wrapper fusion-column-has-shadow fusion-flex-justify-content-flex-start fusion-content-layout-column\"><div class=\"fusion-image-element\" style=\"text-align:center;--awb-caption-title-font-family:var(--h2_typography-font-family);--awb-caption-title-font-weight:var(--h2_typography-font-weight);--awb-caption-title-font-style:var(--h2_typography-font-style);--awb-caption-title-size:var(--h2_typography-font-size);--awb-caption-title-transform:var(--h2_typography-text-transform);--awb-caption-title-line-height:var(--h2_typography-line-height);--awb-caption-title-letter-spacing:var(--h2_typography-letter-spacing);\"><span class=\" fusion-imageframe imageframe-none imageframe-1 hover-type-none\" style=\"border-radius:12px;\"><img decoding=\"async\" width=\"998\" height=\"1192\" title=\"Gesch\u00e4ftsf\u00fchrer Verwaltungsrat VR Mandat Schweiz Zug Z\u00fcrich\" src=\"https:\/\/www.domizilagentur.ch\/wp-content\/uploads\/2021\/11\/Geschaeftsfuehrer_Verwaltungsrat_Mandat.jpg\" data-orig-src=\"https:\/\/www.domizilagentur.ch\/wp-content\/uploads\/2021\/11\/Geschaeftsfuehrer_Verwaltungsrat_Mandat.jpg\" alt class=\"lazyload img-responsive wp-image-4754\" srcset=\"data:image\/svg+xml,%3Csvg%20xmlns%3D%27http%3A%2F%2Fwww.w3.org%2F2000%2Fsvg%27%20width%3D%27998%27%20height%3D%271192%27%20viewBox%3D%270%200%20998%201192%27%3E%3Crect%20width%3D%27998%27%20height%3D%271192%27%20fill-opacity%3D%220%22%2F%3E%3C%2Fsvg%3E\" data-srcset=\"https:\/\/www.domizilagentur.ch\/wp-content\/uploads\/2021\/11\/Geschaeftsfuehrer_Verwaltungsrat_Mandat-200x239.jpg 200w, https:\/\/www.domizilagentur.ch\/wp-content\/uploads\/2021\/11\/Geschaeftsfuehrer_Verwaltungsrat_Mandat-400x478.jpg 400w, https:\/\/www.domizilagentur.ch\/wp-content\/uploads\/2021\/11\/Geschaeftsfuehrer_Verwaltungsrat_Mandat-600x717.jpg 600w, https:\/\/www.domizilagentur.ch\/wp-content\/uploads\/2021\/11\/Geschaeftsfuehrer_Verwaltungsrat_Mandat-800x956.jpg 800w, https:\/\/www.domizilagentur.ch\/wp-content\/uploads\/2021\/11\/Geschaeftsfuehrer_Verwaltungsrat_Mandat.jpg 998w\" data-sizes=\"auto\" data-orig-sizes=\"(max-width: 640px) 100vw, 600px\" \/><\/span><\/div><\/div><\/div><\/div><\/div><div class=\"fusion-fullwidth fullwidth-box fusion-builder-row-2 fusion-flex-container nonhundred-percent-fullwidth non-hundred-percent-height-scrolling\" style=\"--awb-border-radius-top-left:0px;--awb-border-radius-top-right:0px;--awb-border-radius-bottom-right:0px;--awb-border-radius-bottom-left:0px;--awb-padding-top:20px;--awb-padding-bottom:20px;--awb-padding-top-small:0px;--awb-padding-bottom-small:0px;--awb-background-color:#f9fafb;--awb-flex-wrap:wrap;\" ><div class=\"fusion-builder-row fusion-row fusion-flex-align-items-flex-start fusion-flex-justify-content-center fusion-flex-content-wrap\" style=\"max-width:1310.4px;margin-left: calc(-4% \/ 2 );margin-right: calc(-4% \/ 2 );\"><div class=\"fusion-layout-column fusion_builder_column fusion-builder-column-2 fusion_builder_column_1_1 1_1 fusion-flex-column\" style=\"--awb-padding-right:90px;--awb-padding-left:90px;--awb-padding-right-medium:0px;--awb-padding-left-medium:0px;--awb-bg-size:cover;--awb-width-large:100%;--awb-margin-top-large:20px;--awb-spacing-right-large:1.92%;--awb-margin-bottom-large:20px;--awb-spacing-left-large:1.92%;--awb-width-medium:75%;--awb-spacing-right-medium:2.56%;--awb-margin-bottom-medium:30px;--awb-spacing-left-medium:2.56%;--awb-width-small:100%;--awb-spacing-right-small:1.92%;--awb-spacing-left-small:1.92%;\"><div class=\"fusion-column-wrapper fusion-column-has-shadow fusion-flex-justify-content-flex-start fusion-content-layout-column\"><div class=\"fusion-title title fusion-title-3 fusion-sep-none fusion-title-center fusion-title-text fusion-title-size-two\" style=\"--awb-margin-top:0px;--awb-margin-bottom:0px;--awb-margin-top-small:10px;--awb-margin-right-small:0px;--awb-margin-bottom-small:20px;--awb-margin-left-small:0px;\"><h2 class=\"fusion-title-heading title-heading-center fusion-responsive-typography-calculated\" style=\"margin:0;--fontSize:30;line-height:1.2;\">Procura um Diretor Executivo ou um elemento do Conselho que represente a sua empresa profissionalmente?<\/h2><\/div><\/div><\/div><\/div><\/div><div class=\"fusion-fullwidth fullwidth-box fusion-builder-row-3 fusion-flex-container nonhundred-percent-fullwidth non-hundred-percent-height-scrolling\" style=\"--awb-border-radius-top-left:0px;--awb-border-radius-top-right:0px;--awb-border-radius-bottom-right:0px;--awb-border-radius-bottom-left:0px;--awb-padding-top:20px;--awb-padding-bottom:20px;--awb-padding-top-small:0px;--awb-padding-bottom-small:20px;--awb-flex-wrap:wrap;\" ><div class=\"fusion-builder-row fusion-row fusion-flex-align-items-stretch fusion-flex-justify-content-center fusion-flex-content-wrap\" style=\"max-width:1310.4px;margin-left: calc(-4% \/ 2 );margin-right: calc(-4% \/ 2 );\"><div class=\"fusion-layout-column fusion_builder_column fusion-builder-column-3 fusion_builder_column_2_5 2_5 fusion-flex-column\" style=\"--awb-padding-top:40px;--awb-padding-right:40px;--awb-padding-bottom:40px;--awb-padding-left:40px;--awb-padding-top-small:5px;--awb-bg-color:#ffffff;--awb-bg-color-hover:#ffffff;--awb-bg-size:cover;--awb-box-shadow:0px 2px 4px -1px rgba(0,0,0,0.05);;--awb-border-color:rgba(0,0,0,0.05);--awb-border-top:1px;--awb-border-right:1px;--awb-border-bottom:1px;--awb-border-left:1px;--awb-border-style:solid;--awb-width-large:40%;--awb-margin-top-large:20px;--awb-spacing-right-large:4.8%;--awb-margin-bottom-large:20px;--awb-spacing-left-large:4.8%;--awb-width-medium:50%;--awb-order-medium:0;--awb-spacing-right-medium:3.84%;--awb-spacing-left-medium:3.84%;--awb-width-small:100%;--awb-order-small:0;--awb-margin-top-small:0px;--awb-spacing-right-small:1.92%;--awb-margin-bottom-small:1px;--awb-spacing-left-small:1.92%;\"><div class=\"fusion-column-wrapper fusion-column-has-shadow fusion-flex-justify-content-flex-start fusion-content-layout-column\"><i class=\"fb-icon-element-1 fb-icon-element fontawesome-icon icon-accountant-archives circle-no icon-hover-animation-slide\" style=\"--awb-iconcolor-hover:#0768af;--awb-font-size:32px;--awb-margin-top:0;--awb-margin-right:0;--awb-margin-bottom:0;--awb-margin-left:0;--awb-align-self:center;\"><\/i><div class=\"fusion-title title fusion-title-4 fusion-sep-none fusion-title-center fusion-title-text fusion-title-size-four\" style=\"--awb-margin-right:60px;--awb-margin-left:60px;--awb-margin-top-small:10px;--awb-margin-right-small:0px;--awb-margin-bottom-small:20px;--awb-margin-left-small:0px;\"><h4 class=\"fusion-title-heading title-heading-center fusion-responsive-typography-calculated\" style=\"margin:0;--fontSize:22;--minFontSize:22;line-height:1.42;\">Mandato de Diretor Executivo numa GmbH<\/h4><\/div><div class=\"fusion-text fusion-text-2\" style=\"--awb-content-alignment:center;--awb-font-size:20px;--awb-text-transform:none;--awb-text-color:#0768af;\"><p>CHF 300 \/ m\u00eas<\/p>\n<\/div><div class=\"fusion-text fusion-text-3\" style=\"--awb-content-alignment:center;--awb-text-transform:none;\"><p>(aprox. 280 EUR \/ 320 USD)<\/p>\n<\/div><div class=\"fusion-separator fusion-full-width-sep\" style=\"align-self: center;margin-left: auto;margin-right: auto;margin-top:16px;margin-bottom:16px;width:100%;\"><div class=\"fusion-separator-border sep-single sep-solid\" style=\"--awb-height:20px;--awb-amount:20px;border-color:#e8ebef;border-top-width:1px;\"><\/div><\/div><div class=\"fusion-title title fusion-title-5 fusion-sep-none fusion-title-text fusion-title-size-four\" style=\"--awb-margin-bottom:0px;--awb-margin-top-small:10px;--awb-margin-right-small:0px;--awb-margin-bottom-small:20px;--awb-margin-left-small:0px;\"><h4 class=\"fusion-title-heading title-heading-left fusion-responsive-typography-calculated\" style=\"margin:0;--fontSize:22;--minFontSize:22;line-height:1.42;\">Os nossos servi\u00e7os:<\/h4><\/div><ul style=\"--awb-iconcolor:#0768af;--awb-line-height:28.9px;--awb-icon-width:28.9px;--awb-icon-height:28.9px;--awb-icon-margin:11.9px;--awb-content-margin:40.8px;\" class=\"fusion-checklist fusion-checklist-1 fusion-checklist-default fusion-checklist-divider type-icons\"><li class=\"fusion-li-item\" style=\"\"><span class=\"icon-wrapper circle-no\"><i class=\"fusion-li-icon icon-accountant-check\" aria-hidden=\"true\"><\/i><\/span><div class=\"fusion-li-item-content\">\n<p>Inscri\u00e7\u00e3o do Diretor Executivo no registo comercial<\/p>\n<\/div><\/li><li class=\"fusion-li-item\" style=\"\"><span class=\"icon-wrapper circle-no\"><i class=\"fusion-li-icon icon-accountant-check\" aria-hidden=\"true\"><\/i><\/span><div class=\"fusion-li-item-content\">\n<p>Representa\u00e7\u00e3o da empresa no exterior<\/p>\n<\/div><\/li><li class=\"fusion-li-item\" style=\"\"><span class=\"icon-wrapper circle-no\"><i class=\"fusion-li-icon icon-accountant-check\" aria-hidden=\"true\"><\/i><\/span><div class=\"fusion-li-item-content\">\n<p>Muitos anos de know-how vers\u00e1til<\/p>\n<\/div><\/li><li class=\"fusion-li-item\" style=\"\"><span class=\"icon-wrapper circle-no\"><i class=\"fusion-li-icon icon-accountant-check\" aria-hidden=\"true\"><\/i><\/span><div class=\"fusion-li-item-content\">\n<p>Autoriza\u00e7\u00e3o de assinatura individual na rela\u00e7\u00e3o contratual<\/p>\n<\/div><\/li><\/ul><\/div><\/div><div class=\"fusion-layout-column fusion_builder_column fusion-builder-column-4 fusion_builder_column_2_5 2_5 fusion-flex-column\" style=\"--awb-padding-top:40px;--awb-padding-right:40px;--awb-padding-bottom:40px;--awb-padding-left:40px;--awb-padding-top-small:5px;--awb-bg-color:#ffffff;--awb-bg-color-hover:#ffffff;--awb-bg-size:cover;--awb-box-shadow:0px 2px 4px -1px rgba(0,0,0,0.05);;--awb-border-color:rgba(0,0,0,0.05);--awb-border-top:1px;--awb-border-right:1px;--awb-border-bottom:1px;--awb-border-left:1px;--awb-border-style:solid;--awb-width-large:40%;--awb-margin-top-large:20px;--awb-spacing-right-large:4.8%;--awb-margin-bottom-large:20px;--awb-spacing-left-large:4.8%;--awb-width-medium:50%;--awb-order-medium:0;--awb-spacing-right-medium:3.84%;--awb-spacing-left-medium:3.84%;--awb-width-small:100%;--awb-order-small:0;--awb-margin-top-small:0px;--awb-spacing-right-small:1.92%;--awb-margin-bottom-small:1px;--awb-spacing-left-small:1.92%;\"><div class=\"fusion-column-wrapper fusion-column-has-shadow fusion-flex-justify-content-flex-start fusion-content-layout-column\"><i class=\"fb-icon-element-2 fb-icon-element fontawesome-icon icon-accountant-archives circle-no icon-hover-animation-slide\" style=\"--awb-iconcolor-hover:#0768af;--awb-font-size:32px;--awb-margin-top:0;--awb-margin-right:0;--awb-margin-bottom:0;--awb-margin-left:0;--awb-align-self:center;\"><\/i><div class=\"fusion-title title fusion-title-6 fusion-sep-none fusion-title-center fusion-title-text fusion-title-size-four\" style=\"--awb-margin-top-small:10px;--awb-margin-right-small:0px;--awb-margin-bottom-small:20px;--awb-margin-left-small:0px;\"><h4 class=\"fusion-title-heading title-heading-center fusion-responsive-typography-calculated\" style=\"margin:0;--fontSize:22;--minFontSize:22;line-height:1.42;\">Mandato de membro do Conselho numa Aktiengesellschaft (AG)<\/h4><\/div><div class=\"fusion-text fusion-text-4\" style=\"--awb-content-alignment:center;--awb-font-size:20px;--awb-text-transform:none;--awb-text-color:#0768af;\"><p>CHF 300 \/ m\u00eas<\/p>\n<\/div><div class=\"fusion-text fusion-text-5\" style=\"--awb-content-alignment:center;--awb-text-transform:none;\"><p>(aprox. 280 EUR \/ 320 USD)<\/p>\n<\/div><div class=\"fusion-separator fusion-full-width-sep\" style=\"align-self: center;margin-left: auto;margin-right: auto;margin-top:16px;margin-bottom:16px;width:100%;\"><div class=\"fusion-separator-border sep-single sep-solid\" style=\"--awb-height:20px;--awb-amount:20px;border-color:#e8ebef;border-top-width:1px;\"><\/div><\/div><div class=\"fusion-title title fusion-title-7 fusion-sep-none fusion-title-text fusion-title-size-four\" style=\"--awb-margin-bottom:0px;--awb-margin-top-small:10px;--awb-margin-right-small:0px;--awb-margin-bottom-small:20px;--awb-margin-left-small:0px;\"><h4 class=\"fusion-title-heading title-heading-left fusion-responsive-typography-calculated\" style=\"margin:0;--fontSize:22;--minFontSize:22;line-height:1.42;\">Os nossos servi\u00e7os:<\/h4><\/div><ul style=\"--awb-iconcolor:#0768af;--awb-line-height:28.9px;--awb-icon-width:28.9px;--awb-icon-height:28.9px;--awb-icon-margin:11.9px;--awb-content-margin:40.8px;\" class=\"fusion-checklist fusion-checklist-2 fusion-checklist-default fusion-checklist-divider type-icons\"><li class=\"fusion-li-item\" style=\"\"><span class=\"icon-wrapper circle-no\"><i class=\"fusion-li-icon icon-accountant-check\" aria-hidden=\"true\"><\/i><\/span><div class=\"fusion-li-item-content\">\n<p>Inscri\u00e7\u00e3o do Diretor Executivo no registo comercial<\/p>\n<\/div><\/li><li class=\"fusion-li-item\" style=\"\"><span class=\"icon-wrapper circle-no\"><i class=\"fusion-li-icon icon-accountant-check\" aria-hidden=\"true\"><\/i><\/span><div class=\"fusion-li-item-content\">\n<p>Representa\u00e7\u00e3o da empresa no exterior<\/p>\n<\/div><\/li><li class=\"fusion-li-item\" style=\"\"><span class=\"icon-wrapper circle-no\"><i class=\"fusion-li-icon icon-accountant-check\" aria-hidden=\"true\"><\/i><\/span><div class=\"fusion-li-item-content\">\n<p>Muitos anos de know-how vers\u00e1til<\/p>\n<\/div><\/li><li class=\"fusion-li-item\" style=\"\"><span class=\"icon-wrapper circle-no\"><i class=\"fusion-li-icon icon-accountant-check\" aria-hidden=\"true\"><\/i><\/span><div class=\"fusion-li-item-content\">\n<p>Autoriza\u00e7\u00e3o de assinatura individual na rela\u00e7\u00e3o contratual<\/p>\n<\/div><\/li><\/ul><\/div><\/div><div class=\"fusion-layout-column fusion_builder_column fusion-builder-column-5 fusion_builder_column_2_5 2_5 fusion-flex-column\" style=\"--awb-bg-color:#ffffff;--awb-bg-color-hover:#ffffff;--awb-bg-size:cover;--awb-box-shadow:0px 2px 4px -1px rgba(0,0,0,0.05);;--awb-border-color:rgba(0,0,0,0.05);--awb-border-style:solid;--awb-width-large:40%;--awb-margin-top-large:20px;--awb-spacing-right-large:4.8%;--awb-margin-bottom-large:20px;--awb-spacing-left-large:4.8%;--awb-width-medium:50%;--awb-order-medium:0;--awb-spacing-right-medium:3.84%;--awb-spacing-left-medium:3.84%;--awb-width-small:100%;--awb-order-small:0;--awb-margin-top-small:0px;--awb-spacing-right-small:1.92%;--awb-margin-bottom-small:1px;--awb-spacing-left-small:1.92%;\"><div class=\"fusion-column-wrapper fusion-column-has-shadow fusion-flex-justify-content-flex-start fusion-content-layout-column\"><div ><a class=\"fusion-button button-flat fusion-button-default-size button-custom fusion-button-default button-1 fusion-button-span-yes fusion-button-default-type\" style=\"--button_accent_color:#ffffff;--button_border_color:#0768af;--button_accent_hover_color:#0768af;--button_border_hover_color:#0768af;--button_border_width-top:1px;--button_border_width-right:1px;--button_border_width-bottom:1px;--button_border_width-left:1px;--button_gradient_top_color:#0768af;--button_gradient_bottom_color:#0768af;--button_gradient_top_color_hover:rgba(7,104,175,0);--button_gradient_bottom_color_hover:rgba(7,104,175,0);\" target=\"_self\" href=\"https:\/\/www.domizilagentur.ch\/pt-pt\/formulario-de-consulta\/\"><span class=\"fusion-button-text awb-button__text awb-button__text--default\">Informe-se agora<\/span><\/a><\/div><\/div><\/div><\/div><\/div><div class=\"fusion-fullwidth fullwidth-box fusion-builder-row-4 fusion-flex-container nonhundred-percent-fullwidth non-hundred-percent-height-scrolling\" style=\"--link_hover_color: #15d16c;--awb-border-radius-top-left:0px;--awb-border-radius-top-right:0px;--awb-border-radius-bottom-right:0px;--awb-border-radius-bottom-left:0px;--awb-padding-top:20px;--awb-padding-bottom:20px;--awb-flex-wrap:wrap;\" ><div class=\"fusion-builder-row fusion-row fusion-flex-align-items-flex-start fusion-flex-justify-content-center fusion-flex-content-wrap\" style=\"max-width:1310.4px;margin-left: calc(-4% \/ 2 );margin-right: calc(-4% \/ 2 );\"><div class=\"fusion-layout-column fusion_builder_column fusion-builder-column-6 fusion_builder_column_1_1 1_1 fusion-flex-column fusion-flex-align-self-stretch\" style=\"--awb-bg-size:cover;--awb-width-large:100%;--awb-margin-top-large:20px;--awb-spacing-right-large:5.76%;--awb-margin-bottom-large:30px;--awb-spacing-left-large:5.76%;--awb-width-medium:100%;--awb-order-medium:0;--awb-spacing-right-medium:5.76%;--awb-margin-bottom-medium:20px;--awb-spacing-left-medium:5.76%;--awb-width-small:100%;--awb-order-small:0;--awb-spacing-right-small:1.92%;--awb-margin-bottom-small:16px;--awb-spacing-left-small:1.92%;\"><div class=\"fusion-column-wrapper fusion-column-has-shadow fusion-flex-justify-content-flex-start fusion-content-layout-column\"><div class=\"fusion-video fusion-youtube\" style=\"--awb-max-width:960px;--awb-max-height:540px;--awb-align-self:center;--awb-width:100%;\"><div class=\"video-shortcode\"><lite-youtube videoid=\"qQY_Lj3tslU\" class=\"landscape\" params=\"wmode=transparent&autoplay=1&amp;enablejsapi=1\" title=\"YouTube video player 1\" data-button-label=\"Play Video\" width=\"960\" height=\"540\" data-thumbnail-size=\"auto\" data-no-cookie=\"on\"><\/lite-youtube><\/div><\/div><\/div><\/div><\/div><\/div><div class=\"fusion-fullwidth fullwidth-box fusion-builder-row-5 fusion-flex-container nonhundred-percent-fullwidth non-hundred-percent-height-scrolling\" style=\"--awb-border-radius-top-left:0px;--awb-border-radius-top-right:0px;--awb-border-radius-bottom-right:0px;--awb-border-radius-bottom-left:0px;--awb-padding-top:20px;--awb-padding-top-medium:0px;--awb-padding-bottom-medium:0px;--awb-padding-top-small:0px;--awb-padding-bottom-small:0px;--awb-flex-wrap:wrap;\" ><div class=\"fusion-builder-row fusion-row fusion-flex-align-items-stretch fusion-flex-justify-content-center fusion-flex-content-wrap\" style=\"max-width:1310.4px;margin-left: calc(-4% \/ 2 );margin-right: calc(-4% \/ 2 );\"><div class=\"fusion-layout-column fusion_builder_column fusion-builder-column-7 fusion_builder_column_1_1 1_1 fusion-flex-column\" style=\"--awb-bg-size:cover;--awb-width-large:100%;--awb-margin-top-large:20px;--awb-spacing-right-large:1.92%;--awb-margin-bottom-large:30px;--awb-spacing-left-large:1.92%;--awb-width-medium:66.666666666667%;--awb-order-medium:0;--awb-spacing-right-medium:2.88%;--awb-spacing-left-medium:2.88%;--awb-width-small:100%;--awb-order-small:0;--awb-margin-top-small:0px;--awb-spacing-right-small:1.92%;--awb-margin-bottom-small:0px;--awb-spacing-left-small:1.92%;\"><div class=\"fusion-column-wrapper fusion-column-has-shadow fusion-flex-justify-content-flex-start fusion-content-layout-column\"><div class=\"fusion-title title fusion-title-8 fusion-sep-none fusion-title-center fusion-title-text fusion-title-size-two\" style=\"--awb-margin-top-small:10px;--awb-margin-right-small:0px;--awb-margin-bottom-small:20px;--awb-margin-left-small:0px;\"><h2 class=\"fusion-title-heading title-heading-center fusion-responsive-typography-calculated\" style=\"margin:0;--fontSize:30;line-height:1.2;\">O que significa \u201crepresenta\u00e7\u00e3o numa rela\u00e7\u00e3o de mandato\u201d?<\/h2><\/div><\/div><\/div><div class=\"fusion-layout-column fusion_builder_column fusion-builder-column-8 fusion_builder_column_1_1 1_1 fusion-flex-column\" style=\"--awb-bg-size:cover;--awb-width-large:100%;--awb-margin-top-large:20px;--awb-spacing-right-large:1.92%;--awb-margin-bottom-large:20px;--awb-spacing-left-large:1.92%;--awb-width-medium:100%;--awb-order-medium:0;--awb-spacing-right-medium:1.92%;--awb-spacing-left-medium:1.92%;--awb-width-small:100%;--awb-order-small:0;--awb-spacing-right-small:1.92%;--awb-spacing-left-small:1.92%;\"><div class=\"fusion-column-wrapper fusion-column-has-shadow fusion-flex-justify-content-flex-start fusion-content-layout-column\"><div class=\"fusion-text fusion-text-6\" style=\"--awb-content-alignment:center;--awb-text-transform:none;\"><p>Uma GmbH ou AG domiciliada na Su\u00ed\u00e7a deve, por lei, ser representada por pelo menos uma pessoa registada no Registo Comercial com domic\u00edlio na Su\u00ed\u00e7a. * Como, por v\u00e1rias raz\u00f5es, isso nem sempre \u00e9 garantido quando uma empresa \u00e9 constitu\u00edda, oferecemos aos nossos clientes servi\u00e7os de mandato adequados.<\/p>\n<p>O cargo no Conselho de Administra\u00e7\u00e3o ou de Diretor Executivo da sua empresa \u00e9 assumido por um dos nossos colaboradores qualificados em regime de mandato. \u00c9 claro que todas as decis\u00f5es relacionadas com a empresa ser\u00e3o tomadas por si; o seu representante agir\u00e1 exclusivamente de acordo com as suas decis\u00f5es.<\/p>\n<p>Al\u00e9m da representa\u00e7\u00e3o puramente legal, tamb\u00e9m podemos aconselh\u00e1-lo e prestar-lhe assist\u00eancia em decis\u00f5es estrat\u00e9gicas, operacionais e administrativas. No entanto, para nos podermos comprometer com o sucesso da sua empresa \u00e9 essencial haver um relacionamento pessoal.<\/p>\n<\/div><\/div><\/div><\/div><\/div><div class=\"fusion-fullwidth fullwidth-box fusion-builder-row-6 fusion-flex-container nonhundred-percent-fullwidth non-hundred-percent-height-scrolling\" style=\"--link_color: #ffffff;--awb-border-radius-top-left:0px;--awb-border-radius-top-right:0px;--awb-border-radius-bottom-right:0px;--awb-border-radius-bottom-left:0px;--awb-padding-top:20px;--awb-padding-bottom:20px;--awb-padding-top-small:20px;--awb-padding-right-small:20px;--awb-padding-bottom-small:0px;--awb-padding-left-small:20px;--awb-flex-wrap:wrap;\" ><div class=\"fusion-builder-row fusion-row fusion-flex-align-items-center fusion-flex-justify-content-center fusion-flex-content-wrap\" style=\"max-width:1310.4px;margin-left: calc(-4% \/ 2 );margin-right: calc(-4% \/ 2 );\"><div class=\"fusion-layout-column fusion_builder_column fusion-builder-column-9 fusion_builder_column_1_1 1_1 fusion-flex-column\" style=\"--awb-padding-top:3%;--awb-padding-right:6%;--awb-padding-bottom:3%;--awb-padding-left:6%;--awb-overflow:hidden;--awb-bg-color:#023a51;--awb-bg-color-hover:#023a51;--awb-bg-size:cover;--awb-box-shadow:0px 24px 40px 0px rgba(0,29,48,0.24);;--awb-border-radius:24px 24px 24px 24px;--awb-width-large:100%;--awb-margin-top-large:20px;--awb-spacing-right-large:0%;--awb-margin-bottom-large:20px;--awb-spacing-left-large:0%;--awb-width-medium:100%;--awb-order-medium:0;--awb-spacing-right-medium:0%;--awb-spacing-left-medium:0%;--awb-width-small:100%;--awb-order-small:0;--awb-spacing-right-small:1.92%;--awb-spacing-left-small:1.92%;\"><div class=\"fusion-column-wrapper fusion-column-has-shadow fusion-flex-justify-content-flex-start fusion-content-layout-column\"><div class=\"fusion-builder-row fusion-builder-row-inner fusion-row fusion-flex-align-items-center fusion-flex-justify-content-center fusion-flex-content-wrap\" style=\"--awb-flex-grow:0;--awb-flex-grow-medium:0;--awb-flex-grow-small:0;--awb-flex-shrink:0;--awb-flex-shrink-medium:0;--awb-flex-shrink-small:0;width:104% !important;max-width:104% !important;margin-left: calc(-4% \/ 2 );margin-right: calc(-4% \/ 2 );\"><div class=\"fusion-layout-column fusion_builder_column_inner fusion-builder-nested-column-0 fusion_builder_column_inner_1_1 1_1 fusion-flex-column\" style=\"--awb-bg-size:cover;--awb-width-large:100%;--awb-margin-top-large:20px;--awb-spacing-right-large:1.92%;--awb-margin-bottom-large:20px;--awb-spacing-left-large:1.92%;--awb-width-medium:100%;--awb-order-medium:0;--awb-spacing-right-medium:1.92%;--awb-spacing-left-medium:1.92%;--awb-width-small:100%;--awb-order-small:0;--awb-spacing-right-small:1.92%;--awb-margin-bottom-small:0px;--awb-spacing-left-small:1.92%;\"><div class=\"fusion-column-wrapper fusion-column-has-shadow fusion-flex-justify-content-flex-start fusion-content-layout-column\"><div class=\"fusion-title title fusion-title-9 fusion-sep-none fusion-title-center fusion-title-text fusion-title-size-two\" style=\"--awb-text-color:#ffffff;--awb-margin-top-small:10px;--awb-margin-right-small:0px;--awb-margin-bottom-small:20px;--awb-margin-left-small:0px;--awb-font-size:30px;\"><h2 class=\"fusion-title-heading title-heading-center fusion-responsive-typography-calculated\" style=\"margin:0;font-size:1em;--fontSize:30;line-height:1.2;\">Interessado?<\/h2><\/div><div class=\"fusion-text fusion-text-7\" style=\"--awb-content-alignment:center;--awb-text-color:#ffffff;\"><p>Entre em contacto connosco para obter mais informa\u00e7\u00f5es sobre o Mandato de Diretor Executivo | Mandato do Conselho de Administra\u00e7\u00e3o.<br \/>\nTeremos todo o gosto em inform\u00e1-lo pessoalmente da nossa oferta.<\/p>\n<\/div><\/div><\/div><div class=\"fusion-layout-column fusion_builder_column_inner fusion-builder-nested-column-1 fusion_builder_column_inner_1_3 1_3 fusion-flex-column\" style=\"--awb-bg-size:cover;--awb-width-large:33.333333333333%;--awb-margin-top-large:20px;--awb-spacing-right-large:5.76%;--awb-margin-bottom-large:20px;--awb-spacing-left-large:5.76%;--awb-width-medium:33.333333333333%;--awb-order-medium:0;--awb-spacing-right-medium:5.76%;--awb-spacing-left-medium:5.76%;--awb-width-small:100%;--awb-order-small:0;--awb-spacing-right-small:1.92%;--awb-spacing-left-small:1.92%;\"><div class=\"fusion-column-wrapper fusion-column-has-shadow fusion-flex-justify-content-flex-start fusion-content-layout-column\"><i class=\"fb-icon-element-3 fb-icon-element fontawesome-icon icon-accountant-call-us circle-no fusion-text-flow icon-hover-animation-slide\" style=\"--awb-iconcolor:#ffffff;--awb-iconcolor-hover:#0768af;--awb-font-size:32px;--awb-margin-bottom:16px;\"><\/i><div class=\"fusion-text fusion-text-8 fusion-text-no-margin\" style=\"--awb-text-color:#ffffff;--awb-margin-bottom:0px;\"><p>Ligue-nos para <\/p>\n<\/div><div class=\"fusion-title title fusion-title-10 fusion-sep-none fusion-title-text fusion-title-size-four\" style=\"--awb-text-color:#ffffff;--awb-margin-top-small:10px;--awb-margin-right-small:0px;--awb-margin-bottom-small:20px;--awb-margin-left-small:0px;--awb-link-color:#ffffff;\"><h4 class=\"fusion-title-heading title-heading-left fusion-responsive-typography-calculated\" style=\"margin:0;--fontSize:22;--minFontSize:22;line-height:1.42;\"><a href=\"#\" class=\"awb-custom-text-color awb-custom-text-hover-color\" target=\"_self\"><a href=\"tel:+41414800008\">+41 41 480 00 08<\/a><\/a><\/h4><\/div><\/div><\/div><div class=\"fusion-layout-column fusion_builder_column_inner fusion-builder-nested-column-2 fusion_builder_column_inner_1_3 1_3 fusion-flex-column\" style=\"--awb-bg-size:cover;--awb-width-large:33.333333333333%;--awb-margin-top-large:20px;--awb-spacing-right-large:5.76%;--awb-margin-bottom-large:20px;--awb-spacing-left-large:5.76%;--awb-width-medium:33.333333333333%;--awb-order-medium:0;--awb-spacing-right-medium:5.76%;--awb-spacing-left-medium:5.76%;--awb-width-small:100%;--awb-order-small:0;--awb-spacing-right-small:1.92%;--awb-spacing-left-small:1.92%;\"><div class=\"fusion-column-wrapper fusion-column-has-shadow fusion-flex-justify-content-flex-start fusion-content-layout-column\"><i class=\"fb-icon-element-4 fb-icon-element fontawesome-icon icon-accountant-docs circle-no fusion-text-flow icon-hover-animation-slide\" style=\"--awb-iconcolor:#ffffff;--awb-iconcolor-hover:#0768af;--awb-font-size:32px;--awb-margin-bottom:16px;\"><\/i><div class=\"fusion-text fusion-text-9 fusion-text-no-margin\" style=\"--awb-text-color:#ffffff;--awb-margin-bottom:0px;\"><p>Utilize o nosso<\/p>\n<\/div><div class=\"fusion-title title fusion-title-11 fusion-sep-none fusion-title-text fusion-title-size-four\" style=\"--awb-text-color:#ffffff;--awb-margin-top-small:10px;--awb-margin-right-small:0px;--awb-margin-bottom-small:20px;--awb-margin-left-small:0px;--awb-link-color:#ffffff;\"><h4 class=\"fusion-title-heading title-heading-left fusion-responsive-typography-calculated\" style=\"margin:0;--fontSize:22;--minFontSize:22;line-height:1.42;\"><a href=\"https:\/\/www.domizilagentur.ch\/pt-pt\/contacto\/\" class=\"awb-custom-text-color awb-custom-text-hover-color\" target=\"_self\">formul\u00e1rio de contacto<\/a><\/h4><\/div><\/div><\/div><div class=\"fusion-layout-column fusion_builder_column_inner fusion-builder-nested-column-3 fusion_builder_column_inner_1_3 1_3 fusion-flex-column\" style=\"--awb-bg-size:cover;--awb-width-large:33.333333333333%;--awb-margin-top-large:20px;--awb-spacing-right-large:5.76%;--awb-margin-bottom-large:20px;--awb-spacing-left-large:5.76%;--awb-width-medium:33.333333333333%;--awb-order-medium:0;--awb-spacing-right-medium:5.76%;--awb-spacing-left-medium:5.76%;--awb-width-small:100%;--awb-order-small:0;--awb-spacing-right-small:1.92%;--awb-spacing-left-small:1.92%;\"><div class=\"fusion-column-wrapper fusion-column-has-shadow fusion-flex-justify-content-flex-start fusion-content-layout-column\"><i class=\"fb-icon-element-5 fb-icon-element fontawesome-icon icon-accountant-time circle-no fusion-text-flow icon-hover-animation-slide\" style=\"--awb-iconcolor:#ffffff;--awb-iconcolor-hover:#0768af;--awb-font-size:32px;--awb-margin-bottom:16px;\"><\/i><div class=\"fusion-text fusion-text-10 fusion-text-no-margin\" style=\"--awb-text-color:#ffffff;--awb-margin-bottom:0px;\"><p>Resumo da Lista de<\/p>\n<\/div><div class=\"fusion-title title fusion-title-12 fusion-sep-none fusion-title-text fusion-title-size-four\" style=\"--awb-text-color:#ffffff;--awb-margin-top-small:10px;--awb-margin-right-small:0px;--awb-margin-bottom-small:20px;--awb-margin-left-small:0px;--awb-link-color:#ffffff;\"><h4 class=\"fusion-title-heading title-heading-left fusion-responsive-typography-calculated\" style=\"margin:0;--fontSize:22;--minFontSize:22;line-height:1.42;\"><a href=\"https:\/\/www.domizilagentur.ch\/pt-pt\/formulario-de-consulta\/\" class=\"awb-custom-text-color awb-custom-text-hover-color\" target=\"_self\">Pre\u00e7os \/ formul\u00e1rio de consulta<\/a><\/h4><\/div><\/div><\/div><\/div><\/div><\/div><\/div><\/div><\/p>\n","protected":false},"excerpt":{"rendered":"","protected":false},"author":1,"featured_media":4754,"parent":0,"menu_order":0,"comment_status":"closed","ping_status":"closed","template":"100-width.php","meta":{"footnotes":""},"class_list":["post-5261","page","type-page","status-publish","has-post-thumbnail","hentry"],"yoast_head":"<!-- This site is optimized with the Yoast SEO Premium plugin v28.3 (Yoast SEO v28.3) - https:\/\/yoast.com\/product\/yoast-seo-premium-wordpress\/ -->\n<title>Conselho de Administra\u00e7\u00e3o \/ Mandato do Diretor Executivo - Domizilagentur GmbH<\/title>\n<meta name=\"description\" content=\"Mandato do Conselho de Administra\u00e7\u00e3o | Mandato do Diretor Executivo na Su\u00ed\u00e7a (Zug e Zurique). A um pre\u00e7o justo de CHF 300 por m\u00eas.\" \/>\n<meta name=\"robots\" content=\"index, follow, max-snippet:-1, max-image-preview:large, max-video-preview:-1\" \/>\n<link rel=\"canonical\" href=\"https:\/\/www.domizilagentur.ch\/pt-pt\/conselho-de-administracao-mandato-do-diretor-executivo\/\" \/>\n<meta property=\"og:locale\" content=\"pt_PT\" \/>\n<meta property=\"og:type\" content=\"article\" \/>\n<meta property=\"og:title\" content=\"Conselho de Administra\u00e7\u00e3o \/ Mandato do Diretor Executivo\" \/>\n<meta property=\"og:description\" content=\"Mandato do Conselho de Administra\u00e7\u00e3o | Mandato do Diretor Executivo na Su\u00ed\u00e7a (Zug e Zurique). A um pre\u00e7o justo de CHF 300 por m\u00eas.\" \/>\n<meta property=\"og:url\" content=\"https:\/\/www.domizilagentur.ch\/pt-pt\/conselho-de-administracao-mandato-do-diretor-executivo\/\" \/>\n<meta property=\"og:site_name\" content=\"Domizilagentur GmbH\" \/>\n<meta property=\"article:modified_time\" content=\"2026-03-24T15:41:03+00:00\" \/>\n<meta property=\"og:image\" content=\"https:\/\/www.domizilagentur.ch\/wp-content\/uploads\/2021\/11\/Geschaeftsfuehrer_Verwaltungsrat_Mandat.jpg\" \/>\n\t<meta property=\"og:image:width\" content=\"998\" \/>\n\t<meta property=\"og:image:height\" content=\"1192\" \/>\n\t<meta property=\"og:image:type\" content=\"image\/jpeg\" \/>\n<meta name=\"twitter:card\" content=\"summary_large_image\" \/>\n<meta name=\"twitter:label1\" content=\"Tempo estimado de leitura\" \/>\n\t<meta name=\"twitter:data1\" content=\"12 minutos\" \/>\n<script type=\"application\/ld+json\" class=\"yoast-schema-graph\">{\"@context\":\"https:\\\/\\\/schema.org\",\"@graph\":[{\"@type\":\"WebPage\",\"@id\":\"https:\\\/\\\/www.domizilagentur.ch\\\/pt-pt\\\/conselho-de-administracao-mandato-do-diretor-executivo\\\/\",\"url\":\"https:\\\/\\\/www.domizilagentur.ch\\\/pt-pt\\\/conselho-de-administracao-mandato-do-diretor-executivo\\\/\",\"name\":\"Conselho de Administra\u00e7\u00e3o \\\/ Mandato do Diretor Executivo - Domizilagentur GmbH\",\"isPartOf\":{\"@id\":\"https:\\\/\\\/www.domizilagentur.ch\\\/pt-pt\\\/#website\"},\"primaryImageOfPage\":{\"@id\":\"https:\\\/\\\/www.domizilagentur.ch\\\/pt-pt\\\/conselho-de-administracao-mandato-do-diretor-executivo\\\/#primaryimage\"},\"image\":{\"@id\":\"https:\\\/\\\/www.domizilagentur.ch\\\/pt-pt\\\/conselho-de-administracao-mandato-do-diretor-executivo\\\/#primaryimage\"},\"thumbnailUrl\":\"https:\\\/\\\/www.domizilagentur.ch\\\/wp-content\\\/uploads\\\/2021\\\/11\\\/Geschaeftsfuehrer_Verwaltungsrat_Mandat.jpg\",\"datePublished\":\"2022-06-30T09:15:14+00:00\",\"dateModified\":\"2026-03-24T15:41:03+00:00\",\"description\":\"Mandato do Conselho de Administra\u00e7\u00e3o | Mandato do Diretor Executivo na Su\u00ed\u00e7a (Zug e Zurique). A um pre\u00e7o justo de CHF 300 por m\u00eas.\",\"breadcrumb\":{\"@id\":\"https:\\\/\\\/www.domizilagentur.ch\\\/pt-pt\\\/conselho-de-administracao-mandato-do-diretor-executivo\\\/#breadcrumb\"},\"inLanguage\":\"pt-PT\",\"potentialAction\":[{\"@type\":\"ReadAction\",\"target\":[\"https:\\\/\\\/www.domizilagentur.ch\\\/pt-pt\\\/conselho-de-administracao-mandato-do-diretor-executivo\\\/\"]}]},{\"@type\":\"ImageObject\",\"inLanguage\":\"pt-PT\",\"@id\":\"https:\\\/\\\/www.domizilagentur.ch\\\/pt-pt\\\/conselho-de-administracao-mandato-do-diretor-executivo\\\/#primaryimage\",\"url\":\"https:\\\/\\\/www.domizilagentur.ch\\\/wp-content\\\/uploads\\\/2021\\\/11\\\/Geschaeftsfuehrer_Verwaltungsrat_Mandat.jpg\",\"contentUrl\":\"https:\\\/\\\/www.domizilagentur.ch\\\/wp-content\\\/uploads\\\/2021\\\/11\\\/Geschaeftsfuehrer_Verwaltungsrat_Mandat.jpg\",\"width\":998,\"height\":1192,\"caption\":\"Gesch\u00e4ftsf\u00fchrer Verwaltungsrat VR Mandat Schweiz Zug Z\u00fcrich\"},{\"@type\":\"BreadcrumbList\",\"@id\":\"https:\\\/\\\/www.domizilagentur.ch\\\/pt-pt\\\/conselho-de-administracao-mandato-do-diretor-executivo\\\/#breadcrumb\",\"itemListElement\":[{\"@type\":\"ListItem\",\"position\":1,\"name\":\"Home\",\"item\":\"https:\\\/\\\/www.domizilagentur.ch\\\/pt-pt\\\/\"},{\"@type\":\"ListItem\",\"position\":2,\"name\":\"Conselho de Administra\u00e7\u00e3o \\\/ Mandato do Diretor Executivo\"}]},{\"@type\":\"WebSite\",\"@id\":\"https:\\\/\\\/www.domizilagentur.ch\\\/pt-pt\\\/#website\",\"url\":\"https:\\\/\\\/www.domizilagentur.ch\\\/pt-pt\\\/\",\"name\":\"Domizilagentur GmbH\",\"description\":\"\",\"publisher\":{\"@id\":\"https:\\\/\\\/www.domizilagentur.ch\\\/pt-pt\\\/#organization\"},\"potentialAction\":[{\"@type\":\"SearchAction\",\"target\":{\"@type\":\"EntryPoint\",\"urlTemplate\":\"https:\\\/\\\/www.domizilagentur.ch\\\/pt-pt\\\/?s={search_term_string}\"},\"query-input\":{\"@type\":\"PropertyValueSpecification\",\"valueRequired\":true,\"valueName\":\"search_term_string\"}}],\"inLanguage\":\"pt-PT\"},{\"@type\":\"Organization\",\"@id\":\"https:\\\/\\\/www.domizilagentur.ch\\\/pt-pt\\\/#organization\",\"name\":\"Domizilagentur GmbH\",\"url\":\"https:\\\/\\\/www.domizilagentur.ch\\\/pt-pt\\\/\",\"logo\":{\"@type\":\"ImageObject\",\"inLanguage\":\"pt-PT\",\"@id\":\"https:\\\/\\\/www.domizilagentur.ch\\\/pt-pt\\\/#\\\/schema\\\/logo\\\/image\\\/\",\"url\":\"\",\"contentUrl\":\"\",\"caption\":\"Domizilagentur GmbH\"},\"image\":{\"@id\":\"https:\\\/\\\/www.domizilagentur.ch\\\/pt-pt\\\/#\\\/schema\\\/logo\\\/image\\\/\"}}]}<\/script>\n<!-- \/ Yoast SEO Premium plugin. -->","yoast_head_json":{"title":"Conselho de Administra\u00e7\u00e3o \/ Mandato do Diretor Executivo - Domizilagentur GmbH","description":"Mandato do Conselho de Administra\u00e7\u00e3o | Mandato do Diretor Executivo na Su\u00ed\u00e7a (Zug e Zurique). A um pre\u00e7o justo de CHF 300 por m\u00eas.","robots":{"index":"index","follow":"follow","max-snippet":"max-snippet:-1","max-image-preview":"max-image-preview:large","max-video-preview":"max-video-preview:-1"},"canonical":"https:\/\/www.domizilagentur.ch\/pt-pt\/conselho-de-administracao-mandato-do-diretor-executivo\/","og_locale":"pt_PT","og_type":"article","og_title":"Conselho de Administra\u00e7\u00e3o \/ Mandato do Diretor Executivo","og_description":"Mandato do Conselho de Administra\u00e7\u00e3o | Mandato do Diretor Executivo na Su\u00ed\u00e7a (Zug e Zurique). A um pre\u00e7o justo de CHF 300 por m\u00eas.","og_url":"https:\/\/www.domizilagentur.ch\/pt-pt\/conselho-de-administracao-mandato-do-diretor-executivo\/","og_site_name":"Domizilagentur GmbH","article_modified_time":"2026-03-24T15:41:03+00:00","og_image":[{"width":998,"height":1192,"url":"https:\/\/www.domizilagentur.ch\/wp-content\/uploads\/2021\/11\/Geschaeftsfuehrer_Verwaltungsrat_Mandat.jpg","type":"image\/jpeg"}],"twitter_card":"summary_large_image","twitter_misc":{"Tempo estimado de leitura":"12 minutos"},"schema":{"@context":"https:\/\/schema.org","@graph":[{"@type":"WebPage","@id":"https:\/\/www.domizilagentur.ch\/pt-pt\/conselho-de-administracao-mandato-do-diretor-executivo\/","url":"https:\/\/www.domizilagentur.ch\/pt-pt\/conselho-de-administracao-mandato-do-diretor-executivo\/","name":"Conselho de Administra\u00e7\u00e3o \/ Mandato do Diretor Executivo - Domizilagentur GmbH","isPartOf":{"@id":"https:\/\/www.domizilagentur.ch\/pt-pt\/#website"},"primaryImageOfPage":{"@id":"https:\/\/www.domizilagentur.ch\/pt-pt\/conselho-de-administracao-mandato-do-diretor-executivo\/#primaryimage"},"image":{"@id":"https:\/\/www.domizilagentur.ch\/pt-pt\/conselho-de-administracao-mandato-do-diretor-executivo\/#primaryimage"},"thumbnailUrl":"https:\/\/www.domizilagentur.ch\/wp-content\/uploads\/2021\/11\/Geschaeftsfuehrer_Verwaltungsrat_Mandat.jpg","datePublished":"2022-06-30T09:15:14+00:00","dateModified":"2026-03-24T15:41:03+00:00","description":"Mandato do Conselho de Administra\u00e7\u00e3o | Mandato do Diretor Executivo na Su\u00ed\u00e7a (Zug e Zurique). A um pre\u00e7o justo de CHF 300 por m\u00eas.","breadcrumb":{"@id":"https:\/\/www.domizilagentur.ch\/pt-pt\/conselho-de-administracao-mandato-do-diretor-executivo\/#breadcrumb"},"inLanguage":"pt-PT","potentialAction":[{"@type":"ReadAction","target":["https:\/\/www.domizilagentur.ch\/pt-pt\/conselho-de-administracao-mandato-do-diretor-executivo\/"]}]},{"@type":"ImageObject","inLanguage":"pt-PT","@id":"https:\/\/www.domizilagentur.ch\/pt-pt\/conselho-de-administracao-mandato-do-diretor-executivo\/#primaryimage","url":"https:\/\/www.domizilagentur.ch\/wp-content\/uploads\/2021\/11\/Geschaeftsfuehrer_Verwaltungsrat_Mandat.jpg","contentUrl":"https:\/\/www.domizilagentur.ch\/wp-content\/uploads\/2021\/11\/Geschaeftsfuehrer_Verwaltungsrat_Mandat.jpg","width":998,"height":1192,"caption":"Gesch\u00e4ftsf\u00fchrer Verwaltungsrat VR Mandat Schweiz Zug Z\u00fcrich"},{"@type":"BreadcrumbList","@id":"https:\/\/www.domizilagentur.ch\/pt-pt\/conselho-de-administracao-mandato-do-diretor-executivo\/#breadcrumb","itemListElement":[{"@type":"ListItem","position":1,"name":"Home","item":"https:\/\/www.domizilagentur.ch\/pt-pt\/"},{"@type":"ListItem","position":2,"name":"Conselho de Administra\u00e7\u00e3o \/ Mandato do Diretor Executivo"}]},{"@type":"WebSite","@id":"https:\/\/www.domizilagentur.ch\/pt-pt\/#website","url":"https:\/\/www.domizilagentur.ch\/pt-pt\/","name":"Domizilagentur GmbH","description":"","publisher":{"@id":"https:\/\/www.domizilagentur.ch\/pt-pt\/#organization"},"potentialAction":[{"@type":"SearchAction","target":{"@type":"EntryPoint","urlTemplate":"https:\/\/www.domizilagentur.ch\/pt-pt\/?s={search_term_string}"},"query-input":{"@type":"PropertyValueSpecification","valueRequired":true,"valueName":"search_term_string"}}],"inLanguage":"pt-PT"},{"@type":"Organization","@id":"https:\/\/www.domizilagentur.ch\/pt-pt\/#organization","name":"Domizilagentur GmbH","url":"https:\/\/www.domizilagentur.ch\/pt-pt\/","logo":{"@type":"ImageObject","inLanguage":"pt-PT","@id":"https:\/\/www.domizilagentur.ch\/pt-pt\/#\/schema\/logo\/image\/","url":"","contentUrl":"","caption":"Domizilagentur GmbH"},"image":{"@id":"https:\/\/www.domizilagentur.ch\/pt-pt\/#\/schema\/logo\/image\/"}}]}},"_links":{"self":[{"href":"https:\/\/www.domizilagentur.ch\/pt-pt\/wp-json\/wp\/v2\/pages\/5261","targetHints":{"allow":["GET"]}}],"collection":[{"href":"https:\/\/www.domizilagentur.ch\/pt-pt\/wp-json\/wp\/v2\/pages"}],"about":[{"href":"https:\/\/www.domizilagentur.ch\/pt-pt\/wp-json\/wp\/v2\/types\/page"}],"author":[{"embeddable":true,"href":"https:\/\/www.domizilagentur.ch\/pt-pt\/wp-json\/wp\/v2\/users\/1"}],"replies":[{"embeddable":true,"href":"https:\/\/www.domizilagentur.ch\/pt-pt\/wp-json\/wp\/v2\/comments?post=5261"}],"version-history":[{"count":0,"href":"https:\/\/www.domizilagentur.ch\/pt-pt\/wp-json\/wp\/v2\/pages\/5261\/revisions"}],"wp:featuredmedia":[{"embeddable":true,"href":"https:\/\/www.domizilagentur.ch\/pt-pt\/wp-json\/wp\/v2\/media\/4754"}],"wp:attachment":[{"href":"https:\/\/www.domizilagentur.ch\/pt-pt\/wp-json\/wp\/v2\/media?parent=5261"}],"curies":[{"name":"wp","href":"https:\/\/api.w.org\/{rel}","templated":true}]}}