{"id":4824,"date":"2022-05-09T12:39:07","date_gmt":"2022-05-09T10:39:07","guid":{"rendered":"https:\/\/www.domizilagentur.ch\/?page_id=4824"},"modified":"2026-03-24T15:22:31","modified_gmt":"2026-03-24T14:22:31","slug":"mandato-del-consiglio-di-amministrazione-amministratore-delegato","status":"publish","type":"page","link":"https:\/\/www.domizilagentur.ch\/it\/mandato-del-consiglio-di-amministrazione-amministratore-delegato\/","title":{"rendered":"Mandato del consiglio di amministrazione \/ amministratore delegato"},"content":{"rendered":"<p><div class=\"fusion-fullwidth fullwidth-box fusion-builder-row-1 fusion-flex-container nonhundred-percent-fullwidth non-hundred-percent-height-scrolling\" style=\"--awb-border-radius-top-left:0px;--awb-border-radius-top-right:0px;--awb-border-radius-bottom-right:0px;--awb-border-radius-bottom-left:0px;--awb-padding-top:20px;--awb-padding-bottom:20px;--awb-padding-top-small:20px;--awb-padding-bottom-small:0px;--awb-margin-top:0px;--awb-margin-bottom:0px;--awb-background-image:linear-gradient(360deg, #f9fafb 14%,#ffffff 14%);--awb-flex-wrap:wrap;\" ><div class=\"fusion-builder-row fusion-row fusion-flex-align-items-stretch fusion-flex-justify-content-center fusion-flex-content-wrap\" style=\"max-width:1310.4px;margin-left: calc(-4% \/ 2 );margin-right: calc(-4% \/ 2 );\"><div class=\"fusion-layout-column fusion_builder_column fusion-builder-column-0 fusion_builder_column_1_2 1_2 fusion-flex-column\" style=\"--awb-bg-size:cover;--awb-width-large:50%;--awb-margin-top-large:20px;--awb-spacing-right-large:11.52%;--awb-margin-bottom-large:68px;--awb-spacing-left-large:3.84%;--awb-width-medium:50%;--awb-order-medium:0;--awb-margin-top-medium:20px;--awb-spacing-right-medium:3.84%;--awb-margin-bottom-medium:20px;--awb-spacing-left-medium:3.84%;--awb-width-small:100%;--awb-order-small:0;--awb-margin-top-small:20px;--awb-spacing-right-small:1.92%;--awb-spacing-left-small:1.92%;\"><div class=\"fusion-column-wrapper fusion-column-has-shadow fusion-flex-justify-content-center fusion-content-layout-column\"><div class=\"fusion-title title fusion-title-1 fusion-sep-none fusion-title-text fusion-title-size-four\" style=\"--awb-text-color:#0768af;--awb-margin-top:0px;--awb-margin-bottom:8px;--awb-margin-top-small:10px;--awb-margin-right-small:0px;--awb-margin-bottom-small:0px;--awb-margin-left-small:0px;\"><h4 class=\"fusion-title-heading title-heading-left fusion-responsive-typography-calculated\" style=\"margin:0;--fontSize:22;--minFontSize:22;line-height:1.42;\">Mandato del consiglio di amministrazione \/ amministratore delegato<\/h4><\/div><div class=\"fusion-title title fusion-title-2 fusion-sep-none fusion-title-text fusion-title-size-one\" style=\"--awb-margin-top-small:10px;--awb-margin-right-small:0px;--awb-margin-bottom-small:20px;--awb-margin-left-small:0px;\"><h1 class=\"fusion-title-heading title-heading-left fusion-responsive-typography-calculated\" style=\"margin:0;--fontSize:40;line-height:2;\">Mandato del consiglio di amministrazione | Mandato dell\u2019amministratore delegato in Svizzera (Zugo e Zurigo)<\/h1><\/div><div class=\"fusion-text fusion-text-1\" style=\"--awb-text-transform:none;\"><p>Una societ\u00e0 per azioni (S.p.a.) o S.r.l. con sede in Svizzera deve essere rappresentata da almeno una persona residente in Svizzera. Per i nostri clienti assumiamo la funzione di amministratore delegato di una S.r.l. o di membro del consiglio di amministrazione di una societ\u00e0 per azioni (S.p.a.) in un rapporto di mandato.<\/p>\n<\/div><\/div><\/div><div class=\"fusion-layout-column fusion_builder_column fusion-builder-column-1 fusion_builder_column_1_2 1_2 fusion-flex-column\" style=\"--awb-bg-size:cover;--awb-width-large:50%;--awb-margin-top-large:20px;--awb-spacing-right-large:3.84%;--awb-margin-bottom-large:20px;--awb-spacing-left-large:7.68%;--awb-width-medium:50%;--awb-order-medium:0;--awb-spacing-right-medium:3.84%;--awb-spacing-left-medium:7.68%;--awb-width-small:100%;--awb-order-small:0;--awb-spacing-right-small:1.92%;--awb-spacing-left-small:3.84%;\"><div class=\"fusion-column-wrapper fusion-column-has-shadow fusion-flex-justify-content-flex-start fusion-content-layout-column\"><div class=\"fusion-image-element\" style=\"text-align:center;--awb-caption-title-font-family:var(--h2_typography-font-family);--awb-caption-title-font-weight:var(--h2_typography-font-weight);--awb-caption-title-font-style:var(--h2_typography-font-style);--awb-caption-title-size:var(--h2_typography-font-size);--awb-caption-title-transform:var(--h2_typography-text-transform);--awb-caption-title-line-height:var(--h2_typography-line-height);--awb-caption-title-letter-spacing:var(--h2_typography-letter-spacing);\"><span class=\" fusion-imageframe imageframe-none imageframe-1 hover-type-none\" style=\"border-radius:12px;\"><img decoding=\"async\" width=\"998\" height=\"1192\" title=\"Gesch\u00e4ftsf\u00fchrer Verwaltungsrat VR Mandat Schweiz Zug Z\u00fcrich\" src=\"https:\/\/www.domizilagentur.ch\/wp-content\/uploads\/2021\/11\/Geschaeftsfuehrer_Verwaltungsrat_Mandat.jpg\" data-orig-src=\"https:\/\/www.domizilagentur.ch\/wp-content\/uploads\/2021\/11\/Geschaeftsfuehrer_Verwaltungsrat_Mandat.jpg\" alt class=\"lazyload img-responsive wp-image-4752\" srcset=\"data:image\/svg+xml,%3Csvg%20xmlns%3D%27http%3A%2F%2Fwww.w3.org%2F2000%2Fsvg%27%20width%3D%27998%27%20height%3D%271192%27%20viewBox%3D%270%200%20998%201192%27%3E%3Crect%20width%3D%27998%27%20height%3D%271192%27%20fill-opacity%3D%220%22%2F%3E%3C%2Fsvg%3E\" data-srcset=\"https:\/\/www.domizilagentur.ch\/wp-content\/uploads\/2021\/11\/Geschaeftsfuehrer_Verwaltungsrat_Mandat-200x239.jpg 200w, https:\/\/www.domizilagentur.ch\/wp-content\/uploads\/2021\/11\/Geschaeftsfuehrer_Verwaltungsrat_Mandat-400x478.jpg 400w, https:\/\/www.domizilagentur.ch\/wp-content\/uploads\/2021\/11\/Geschaeftsfuehrer_Verwaltungsrat_Mandat-600x717.jpg 600w, https:\/\/www.domizilagentur.ch\/wp-content\/uploads\/2021\/11\/Geschaeftsfuehrer_Verwaltungsrat_Mandat-800x956.jpg 800w, https:\/\/www.domizilagentur.ch\/wp-content\/uploads\/2021\/11\/Geschaeftsfuehrer_Verwaltungsrat_Mandat.jpg 998w\" data-sizes=\"auto\" data-orig-sizes=\"(max-width: 640px) 100vw, 600px\" \/><\/span><\/div><\/div><\/div><\/div><\/div><div class=\"fusion-fullwidth fullwidth-box fusion-builder-row-2 fusion-flex-container nonhundred-percent-fullwidth non-hundred-percent-height-scrolling\" style=\"--awb-border-radius-top-left:0px;--awb-border-radius-top-right:0px;--awb-border-radius-bottom-right:0px;--awb-border-radius-bottom-left:0px;--awb-padding-top:20px;--awb-padding-bottom:20px;--awb-padding-top-small:0px;--awb-padding-bottom-small:0px;--awb-background-color:#f9fafb;--awb-flex-wrap:wrap;\" ><div class=\"fusion-builder-row fusion-row fusion-flex-align-items-flex-start fusion-flex-justify-content-center fusion-flex-content-wrap\" style=\"max-width:1310.4px;margin-left: calc(-4% \/ 2 );margin-right: calc(-4% \/ 2 );\"><div class=\"fusion-layout-column fusion_builder_column fusion-builder-column-2 fusion_builder_column_1_1 1_1 fusion-flex-column\" style=\"--awb-padding-right:90px;--awb-padding-left:90px;--awb-padding-right-medium:0px;--awb-padding-left-medium:0px;--awb-bg-size:cover;--awb-width-large:100%;--awb-margin-top-large:20px;--awb-spacing-right-large:1.92%;--awb-margin-bottom-large:20px;--awb-spacing-left-large:1.92%;--awb-width-medium:75%;--awb-spacing-right-medium:2.56%;--awb-margin-bottom-medium:30px;--awb-spacing-left-medium:2.56%;--awb-width-small:100%;--awb-spacing-right-small:1.92%;--awb-spacing-left-small:1.92%;\"><div class=\"fusion-column-wrapper fusion-column-has-shadow fusion-flex-justify-content-flex-start fusion-content-layout-column\"><div class=\"fusion-title title fusion-title-3 fusion-sep-none fusion-title-center fusion-title-text fusion-title-size-two\" style=\"--awb-margin-top:0px;--awb-margin-bottom:0px;--awb-margin-top-small:10px;--awb-margin-right-small:0px;--awb-margin-bottom-small:20px;--awb-margin-left-small:0px;\"><h2 class=\"fusion-title-heading title-heading-center fusion-responsive-typography-calculated\" style=\"margin:0;--fontSize:30;line-height:1.2;\">Cerchi un amministratore delegato o un membro del consiglio di amministrazione che rappresenti professionalmente la tua azienda?<\/h2><\/div><\/div><\/div><\/div><\/div><div class=\"fusion-fullwidth fullwidth-box fusion-builder-row-3 fusion-flex-container nonhundred-percent-fullwidth non-hundred-percent-height-scrolling\" style=\"--awb-border-radius-top-left:0px;--awb-border-radius-top-right:0px;--awb-border-radius-bottom-right:0px;--awb-border-radius-bottom-left:0px;--awb-padding-top:20px;--awb-padding-bottom:20px;--awb-padding-top-small:0px;--awb-padding-bottom-small:20px;--awb-flex-wrap:wrap;\" ><div class=\"fusion-builder-row fusion-row fusion-flex-align-items-stretch fusion-flex-justify-content-center fusion-flex-content-wrap\" style=\"max-width:1310.4px;margin-left: calc(-4% \/ 2 );margin-right: calc(-4% \/ 2 );\"><div class=\"fusion-layout-column fusion_builder_column fusion-builder-column-3 fusion_builder_column_2_5 2_5 fusion-flex-column\" style=\"--awb-padding-top:40px;--awb-padding-right:40px;--awb-padding-bottom:40px;--awb-padding-left:40px;--awb-padding-top-small:5px;--awb-bg-color:#ffffff;--awb-bg-color-hover:#ffffff;--awb-bg-size:cover;--awb-box-shadow:0px 2px 4px -1px rgba(0,0,0,0.05);;--awb-border-color:rgba(0,0,0,0.05);--awb-border-top:1px;--awb-border-right:1px;--awb-border-bottom:1px;--awb-border-left:1px;--awb-border-style:solid;--awb-width-large:40%;--awb-margin-top-large:20px;--awb-spacing-right-large:4.8%;--awb-margin-bottom-large:20px;--awb-spacing-left-large:4.8%;--awb-width-medium:50%;--awb-order-medium:0;--awb-spacing-right-medium:3.84%;--awb-spacing-left-medium:3.84%;--awb-width-small:100%;--awb-order-small:0;--awb-margin-top-small:0px;--awb-spacing-right-small:1.92%;--awb-margin-bottom-small:1px;--awb-spacing-left-small:1.92%;\"><div class=\"fusion-column-wrapper fusion-column-has-shadow fusion-flex-justify-content-flex-start fusion-content-layout-column\"><i class=\"fb-icon-element-1 fb-icon-element fontawesome-icon icon-accountant-archives circle-no icon-hover-animation-slide\" style=\"--awb-iconcolor-hover:#0768af;--awb-font-size:32px;--awb-margin-top:0;--awb-margin-right:0;--awb-margin-bottom:0;--awb-margin-left:0;--awb-align-self:center;\"><\/i><div class=\"fusion-title title fusion-title-4 fusion-sep-none fusion-title-center fusion-title-text fusion-title-size-four\" style=\"--awb-margin-right:60px;--awb-margin-left:60px;--awb-margin-top-small:10px;--awb-margin-right-small:0px;--awb-margin-bottom-small:20px;--awb-margin-left-small:0px;\"><h4 class=\"fusion-title-heading title-heading-center fusion-responsive-typography-calculated\" style=\"margin:0;--fontSize:22;--minFontSize:22;line-height:1.42;\">Mandato di amministratore delegato presso una S.r.l.<\/h4><\/div><div class=\"fusion-text fusion-text-2\" style=\"--awb-content-alignment:center;--awb-font-size:20px;--awb-text-transform:none;--awb-text-color:#0768af;\"><p>CHF 300 \/ mese<\/p>\n<\/div><div class=\"fusion-text fusion-text-3\" style=\"--awb-content-alignment:center;--awb-text-transform:none;\"><p>(circa 280 EUR \/ 320 USD)<\/p>\n<\/div><div class=\"fusion-separator fusion-full-width-sep\" style=\"align-self: center;margin-left: auto;margin-right: auto;margin-top:16px;margin-bottom:16px;width:100%;\"><div class=\"fusion-separator-border sep-single sep-solid\" style=\"--awb-height:20px;--awb-amount:20px;border-color:#e8ebef;border-top-width:1px;\"><\/div><\/div><div class=\"fusion-title title fusion-title-5 fusion-sep-none fusion-title-text fusion-title-size-four\" style=\"--awb-margin-bottom:0px;--awb-margin-top-small:10px;--awb-margin-right-small:0px;--awb-margin-bottom-small:20px;--awb-margin-left-small:0px;\"><h4 class=\"fusion-title-heading title-heading-left fusion-responsive-typography-calculated\" style=\"margin:0;--fontSize:22;--minFontSize:22;line-height:1.42;\">I nostri servizi:<\/h4><\/div><ul style=\"--awb-iconcolor:#0768af;--awb-line-height:28.9px;--awb-icon-width:28.9px;--awb-icon-height:28.9px;--awb-icon-margin:11.9px;--awb-content-margin:40.8px;\" class=\"fusion-checklist fusion-checklist-1 fusion-checklist-default fusion-checklist-divider type-icons\"><li class=\"fusion-li-item\" style=\"\"><span class=\"icon-wrapper circle-no\"><i class=\"fusion-li-icon icon-accountant-check\" aria-hidden=\"true\"><\/i><\/span><div class=\"fusion-li-item-content\">\n<p>Iscrizione dell\u2019amministratore delegato nel registro di commercio<\/p>\n<\/div><\/li><li class=\"fusion-li-item\" style=\"\"><span class=\"icon-wrapper circle-no\"><i class=\"fusion-li-icon icon-accountant-check\" aria-hidden=\"true\"><\/i><\/span><div class=\"fusion-li-item-content\">\n<p>Rappresentanza esterna dell\u2019azienda<\/p>\n<\/div><\/li><li class=\"fusion-li-item\" style=\"\"><span class=\"icon-wrapper circle-no\"><i class=\"fusion-li-icon icon-accountant-check\" aria-hidden=\"true\"><\/i><\/span><div class=\"fusion-li-item-content\">\n<p>Molti anni di know-how versatile<\/p>\n<\/div><\/li><li class=\"fusion-li-item\" style=\"\"><span class=\"icon-wrapper circle-no\"><i class=\"fusion-li-icon icon-accountant-check\" aria-hidden=\"true\"><\/i><\/span><div class=\"fusion-li-item-content\">\n<p>Autorizzazione individuale alla firma nel rapporto contrattuale<\/p>\n<\/div><\/li><\/ul><\/div><\/div><div class=\"fusion-layout-column fusion_builder_column fusion-builder-column-4 fusion_builder_column_2_5 2_5 fusion-flex-column\" style=\"--awb-padding-top:40px;--awb-padding-right:40px;--awb-padding-bottom:40px;--awb-padding-left:40px;--awb-padding-top-small:5px;--awb-bg-color:#ffffff;--awb-bg-color-hover:#ffffff;--awb-bg-size:cover;--awb-box-shadow:0px 2px 4px -1px rgba(0,0,0,0.05);;--awb-border-color:rgba(0,0,0,0.05);--awb-border-top:1px;--awb-border-right:1px;--awb-border-bottom:1px;--awb-border-left:1px;--awb-border-style:solid;--awb-width-large:40%;--awb-margin-top-large:20px;--awb-spacing-right-large:4.8%;--awb-margin-bottom-large:20px;--awb-spacing-left-large:4.8%;--awb-width-medium:50%;--awb-order-medium:0;--awb-spacing-right-medium:3.84%;--awb-spacing-left-medium:3.84%;--awb-width-small:100%;--awb-order-small:0;--awb-margin-top-small:0px;--awb-spacing-right-small:1.92%;--awb-margin-bottom-small:1px;--awb-spacing-left-small:1.92%;\"><div class=\"fusion-column-wrapper fusion-column-has-shadow fusion-flex-justify-content-flex-start fusion-content-layout-column\"><i class=\"fb-icon-element-2 fb-icon-element fontawesome-icon icon-accountant-archives circle-no icon-hover-animation-slide\" style=\"--awb-iconcolor-hover:#0768af;--awb-font-size:32px;--awb-margin-top:0;--awb-margin-right:0;--awb-margin-bottom:0;--awb-margin-left:0;--awb-align-self:center;\"><\/i><div class=\"fusion-title title fusion-title-6 fusion-sep-none fusion-title-center fusion-title-text fusion-title-size-four\" style=\"--awb-margin-top-small:10px;--awb-margin-right-small:0px;--awb-margin-bottom-small:20px;--awb-margin-left-small:0px;\"><h4 class=\"fusion-title-heading title-heading-center fusion-responsive-typography-calculated\" style=\"margin:0;--fontSize:22;--minFontSize:22;line-height:1.42;\">Mandato del consiglio di amministrazione di una societ\u00e0 per azioni (S.p.a.)<\/h4><\/div><div class=\"fusion-text fusion-text-4\" style=\"--awb-content-alignment:center;--awb-font-size:20px;--awb-text-transform:none;--awb-text-color:#0768af;\"><p>CHF 300 \/ mese<\/p>\n<\/div><div class=\"fusion-text fusion-text-5\" style=\"--awb-content-alignment:center;--awb-text-transform:none;\"><p>(circa 280 EUR \/ 320 USD)<\/p>\n<\/div><div class=\"fusion-separator fusion-full-width-sep\" style=\"align-self: center;margin-left: auto;margin-right: auto;margin-top:16px;margin-bottom:16px;width:100%;\"><div class=\"fusion-separator-border sep-single sep-solid\" style=\"--awb-height:20px;--awb-amount:20px;border-color:#e8ebef;border-top-width:1px;\"><\/div><\/div><div class=\"fusion-title title fusion-title-7 fusion-sep-none fusion-title-text fusion-title-size-four\" style=\"--awb-margin-bottom:0px;--awb-margin-top-small:10px;--awb-margin-right-small:0px;--awb-margin-bottom-small:20px;--awb-margin-left-small:0px;\"><h4 class=\"fusion-title-heading title-heading-left fusion-responsive-typography-calculated\" style=\"margin:0;--fontSize:22;--minFontSize:22;line-height:1.42;\">I nostri servizi:<\/h4><\/div><ul style=\"--awb-iconcolor:#0768af;--awb-line-height:28.9px;--awb-icon-width:28.9px;--awb-icon-height:28.9px;--awb-icon-margin:11.9px;--awb-content-margin:40.8px;\" class=\"fusion-checklist fusion-checklist-2 fusion-checklist-default fusion-checklist-divider type-icons\"><li class=\"fusion-li-item\" style=\"\"><span class=\"icon-wrapper circle-no\"><i class=\"fusion-li-icon icon-accountant-check\" aria-hidden=\"true\"><\/i><\/span><div class=\"fusion-li-item-content\">\n<p>Iscrizione dell\u2019amministratore delegato nel registro di commercio<\/p>\n<\/div><\/li><li class=\"fusion-li-item\" style=\"\"><span class=\"icon-wrapper circle-no\"><i class=\"fusion-li-icon icon-accountant-check\" aria-hidden=\"true\"><\/i><\/span><div class=\"fusion-li-item-content\">\n<p>Rappresentanza esterna dell\u2019azienda<\/p>\n<\/div><\/li><li class=\"fusion-li-item\" style=\"\"><span class=\"icon-wrapper circle-no\"><i class=\"fusion-li-icon icon-accountant-check\" aria-hidden=\"true\"><\/i><\/span><div class=\"fusion-li-item-content\">\n<p>Molti anni di know-how versatile<\/p>\n<\/div><\/li><li class=\"fusion-li-item\" style=\"\"><span class=\"icon-wrapper circle-no\"><i class=\"fusion-li-icon icon-accountant-check\" aria-hidden=\"true\"><\/i><\/span><div class=\"fusion-li-item-content\">\n<p>Autorizzazione individuale alla firma nel rapporto contrattuale<\/p>\n<\/div><\/li><\/ul><\/div><\/div><div class=\"fusion-layout-column fusion_builder_column fusion-builder-column-5 fusion_builder_column_2_5 2_5 fusion-flex-column\" style=\"--awb-bg-color:#ffffff;--awb-bg-color-hover:#ffffff;--awb-bg-size:cover;--awb-box-shadow:0px 2px 4px -1px rgba(0,0,0,0.05);;--awb-border-color:rgba(0,0,0,0.05);--awb-border-style:solid;--awb-width-large:40%;--awb-margin-top-large:20px;--awb-spacing-right-large:4.8%;--awb-margin-bottom-large:20px;--awb-spacing-left-large:4.8%;--awb-width-medium:50%;--awb-order-medium:0;--awb-spacing-right-medium:3.84%;--awb-spacing-left-medium:3.84%;--awb-width-small:100%;--awb-order-small:0;--awb-margin-top-small:0px;--awb-spacing-right-small:1.92%;--awb-margin-bottom-small:1px;--awb-spacing-left-small:1.92%;\"><div class=\"fusion-column-wrapper fusion-column-has-shadow fusion-flex-justify-content-flex-start fusion-content-layout-column\"><div ><a class=\"fusion-button button-flat fusion-button-default-size button-custom fusion-button-default button-1 fusion-button-span-yes fusion-button-default-type\" style=\"--button_accent_color:#ffffff;--button_border_color:#0768af;--button_accent_hover_color:#0768af;--button_border_hover_color:#0768af;--button_border_width-top:1px;--button_border_width-right:1px;--button_border_width-bottom:1px;--button_border_width-left:1px;--button_gradient_top_color:#0768af;--button_gradient_bottom_color:#0768af;--button_gradient_top_color_hover:rgba(7,104,175,0);--button_gradient_bottom_color_hover:rgba(7,104,175,0);\" target=\"_self\" href=\"https:\/\/www.domizilagentur.ch\/it\/modulo-di-domanda\/\"><span class=\"fusion-button-text awb-button__text awb-button__text--default\">Richiesta \/ Prenotazione \/ Prezzi<\/span><\/a><\/div><\/div><\/div><\/div><\/div><div class=\"fusion-fullwidth fullwidth-box fusion-builder-row-4 fusion-flex-container nonhundred-percent-fullwidth non-hundred-percent-height-scrolling\" style=\"--link_hover_color: #15d16c;--awb-border-radius-top-left:0px;--awb-border-radius-top-right:0px;--awb-border-radius-bottom-right:0px;--awb-border-radius-bottom-left:0px;--awb-padding-top:20px;--awb-padding-bottom:20px;--awb-flex-wrap:wrap;\" ><div class=\"fusion-builder-row fusion-row fusion-flex-align-items-flex-start fusion-flex-justify-content-center fusion-flex-content-wrap\" style=\"max-width:1310.4px;margin-left: calc(-4% \/ 2 );margin-right: calc(-4% \/ 2 );\"><div class=\"fusion-layout-column fusion_builder_column fusion-builder-column-6 fusion_builder_column_1_1 1_1 fusion-flex-column fusion-flex-align-self-stretch\" style=\"--awb-bg-size:cover;--awb-width-large:100%;--awb-margin-top-large:20px;--awb-spacing-right-large:5.76%;--awb-margin-bottom-large:30px;--awb-spacing-left-large:5.76%;--awb-width-medium:100%;--awb-order-medium:0;--awb-spacing-right-medium:5.76%;--awb-margin-bottom-medium:20px;--awb-spacing-left-medium:5.76%;--awb-width-small:100%;--awb-order-small:0;--awb-spacing-right-small:1.92%;--awb-margin-bottom-small:16px;--awb-spacing-left-small:1.92%;\"><div class=\"fusion-column-wrapper fusion-column-has-shadow fusion-flex-justify-content-flex-start fusion-content-layout-column\"><div class=\"fusion-video fusion-youtube\" style=\"--awb-max-width:960px;--awb-max-height:540px;--awb-align-self:center;--awb-width:100%;\"><div class=\"video-shortcode\"><lite-youtube videoid=\"qQY_Lj3tslU\" class=\"landscape\" params=\"wmode=transparent&autoplay=1&amp;enablejsapi=1\" title=\"YouTube video player 1\" data-button-label=\"Play Video\" width=\"960\" height=\"540\" data-thumbnail-size=\"auto\" data-no-cookie=\"on\"><\/lite-youtube><\/div><\/div><\/div><\/div><\/div><\/div><div class=\"fusion-fullwidth fullwidth-box fusion-builder-row-5 fusion-flex-container nonhundred-percent-fullwidth non-hundred-percent-height-scrolling\" style=\"--awb-border-radius-top-left:0px;--awb-border-radius-top-right:0px;--awb-border-radius-bottom-right:0px;--awb-border-radius-bottom-left:0px;--awb-padding-top:20px;--awb-padding-top-medium:0px;--awb-padding-bottom-medium:0px;--awb-padding-top-small:0px;--awb-padding-bottom-small:0px;--awb-flex-wrap:wrap;\" ><div class=\"fusion-builder-row fusion-row fusion-flex-align-items-stretch fusion-flex-justify-content-center fusion-flex-content-wrap\" style=\"max-width:1310.4px;margin-left: calc(-4% \/ 2 );margin-right: calc(-4% \/ 2 );\"><div class=\"fusion-layout-column fusion_builder_column fusion-builder-column-7 fusion_builder_column_1_1 1_1 fusion-flex-column\" style=\"--awb-bg-size:cover;--awb-width-large:100%;--awb-margin-top-large:20px;--awb-spacing-right-large:1.92%;--awb-margin-bottom-large:30px;--awb-spacing-left-large:1.92%;--awb-width-medium:66.666666666667%;--awb-order-medium:0;--awb-spacing-right-medium:2.88%;--awb-spacing-left-medium:2.88%;--awb-width-small:100%;--awb-order-small:0;--awb-margin-top-small:0px;--awb-spacing-right-small:1.92%;--awb-margin-bottom-small:0px;--awb-spacing-left-small:1.92%;\"><div class=\"fusion-column-wrapper fusion-column-has-shadow fusion-flex-justify-content-flex-start fusion-content-layout-column\"><div class=\"fusion-title title fusion-title-8 fusion-sep-none fusion-title-center fusion-title-text fusion-title-size-two\" style=\"--awb-margin-top-small:10px;--awb-margin-right-small:0px;--awb-margin-bottom-small:20px;--awb-margin-left-small:0px;\"><h2 class=\"fusion-title-heading title-heading-center fusion-responsive-typography-calculated\" style=\"margin:0;--fontSize:30;line-height:1.2;\"><span style=\"color: var(--h2_typography-color); font-family: var(--h2_typography-font-family); font-size: var(--h2_typography-font-size); font-style: var(--h2_typography-font-style,normal); font-weight: var(--h2_typography-font-weight); letter-spacing: var(--h2_typography-letter-spacing); text-transform: var(--h2_typography-text-transform);\">Cosa significa \u00abrappresentanza in una relazione con il cliente\u00bb?<\/span><\/h2><\/div><\/div><\/div><div class=\"fusion-layout-column fusion_builder_column fusion-builder-column-8 fusion_builder_column_1_1 1_1 fusion-flex-column\" style=\"--awb-bg-size:cover;--awb-width-large:100%;--awb-margin-top-large:20px;--awb-spacing-right-large:1.92%;--awb-margin-bottom-large:20px;--awb-spacing-left-large:1.92%;--awb-width-medium:100%;--awb-order-medium:0;--awb-spacing-right-medium:1.92%;--awb-spacing-left-medium:1.92%;--awb-width-small:100%;--awb-order-small:0;--awb-spacing-right-small:1.92%;--awb-spacing-left-small:1.92%;\"><div class=\"fusion-column-wrapper fusion-column-has-shadow fusion-flex-justify-content-flex-start fusion-content-layout-column\"><div class=\"fusion-text fusion-text-6\" style=\"--awb-content-alignment:center;--awb-text-transform:none;\"><p>Per legge, una S.r.l. o S.p.a. domiciliata in Svizzera deve essere rappresentata da almeno una persona iscritta nel registro delle imprese residente in Svizzera. Poich\u00e9 ci\u00f2 non \u00e8 sempre garantito quando si fonda un\u2019azienda per vari motivi, offriamo ai nostri clienti servizi di mandato corrispondenti.<\/p>\n<p>La posizione del consiglio di amministrazione o dell\u2019amministratore delegato della vostra azienda sar\u00e0 assunta da un nostro dipendente qualificato in un rapporto di mandato. Naturalmente, tu continui a prendere tutte le decisioni in relazione alla tua azienda, il tuo rappresentante agisce esclusivamente in conformit\u00e0 e per tuo conto.<\/p>\n<p>Oltre alla rappresentanza prettamente legale, possiamo fornirvi anche consulenza e supporto per decisioni strategiche, operative e amministrative. Per poter lavorare in questo modo per il successo della vostra azienda, tuttavia, \u00e8 essenziale un rapporto personale.<\/p>\n<\/div><\/div><\/div><\/div><\/div><div class=\"fusion-fullwidth fullwidth-box fusion-builder-row-6 fusion-flex-container nonhundred-percent-fullwidth non-hundred-percent-height-scrolling\" style=\"--link_color: #ffffff;--awb-border-radius-top-left:0px;--awb-border-radius-top-right:0px;--awb-border-radius-bottom-right:0px;--awb-border-radius-bottom-left:0px;--awb-padding-top:20px;--awb-padding-bottom:20px;--awb-padding-right-small:20px;--awb-padding-bottom-small:0px;--awb-padding-left-small:20px;--awb-flex-wrap:wrap;\" ><div class=\"fusion-builder-row fusion-row fusion-flex-align-items-center fusion-flex-justify-content-center fusion-flex-content-wrap\" style=\"max-width:1310.4px;margin-left: calc(-4% \/ 2 );margin-right: calc(-4% \/ 2 );\"><div class=\"fusion-layout-column fusion_builder_column fusion-builder-column-9 fusion_builder_column_1_1 1_1 fusion-flex-column\" style=\"--awb-padding-top:3%;--awb-padding-right:6%;--awb-padding-bottom:3%;--awb-padding-left:6%;--awb-overflow:hidden;--awb-bg-color:#023a51;--awb-bg-color-hover:#023a51;--awb-bg-size:cover;--awb-box-shadow:0px 24px 40px 0px rgba(0,29,48,0.24);;--awb-border-radius:24px 24px 24px 24px;--awb-width-large:100%;--awb-margin-top-large:20px;--awb-spacing-right-large:0%;--awb-margin-bottom-large:20px;--awb-spacing-left-large:0%;--awb-width-medium:100%;--awb-order-medium:0;--awb-spacing-right-medium:0%;--awb-spacing-left-medium:0%;--awb-width-small:100%;--awb-order-small:0;--awb-spacing-right-small:1.92%;--awb-spacing-left-small:1.92%;\"><div class=\"fusion-column-wrapper fusion-column-has-shadow fusion-flex-justify-content-flex-start fusion-content-layout-column\"><div class=\"fusion-builder-row fusion-builder-row-inner fusion-row fusion-flex-align-items-center fusion-flex-justify-content-center fusion-flex-content-wrap\" style=\"--awb-flex-grow:0;--awb-flex-grow-medium:0;--awb-flex-grow-small:0;--awb-flex-shrink:0;--awb-flex-shrink-medium:0;--awb-flex-shrink-small:0;width:104% !important;max-width:104% !important;margin-left: calc(-4% \/ 2 );margin-right: calc(-4% \/ 2 );\"><div class=\"fusion-layout-column fusion_builder_column_inner fusion-builder-nested-column-0 fusion_builder_column_inner_1_1 1_1 fusion-flex-column\" style=\"--awb-bg-size:cover;--awb-width-large:100%;--awb-margin-top-large:20px;--awb-spacing-right-large:1.92%;--awb-margin-bottom-large:20px;--awb-spacing-left-large:1.92%;--awb-width-medium:100%;--awb-order-medium:0;--awb-spacing-right-medium:1.92%;--awb-spacing-left-medium:1.92%;--awb-width-small:100%;--awb-order-small:0;--awb-spacing-right-small:1.92%;--awb-margin-bottom-small:0px;--awb-spacing-left-small:1.92%;\"><div class=\"fusion-column-wrapper fusion-column-has-shadow fusion-flex-justify-content-flex-start fusion-content-layout-column\"><div class=\"fusion-title title fusion-title-9 fusion-sep-none fusion-title-center fusion-title-text fusion-title-size-two\" style=\"--awb-text-color:#ffffff;--awb-margin-top-small:10px;--awb-margin-right-small:0px;--awb-margin-bottom-small:20px;--awb-margin-left-small:0px;--awb-font-size:30px;\"><h2 class=\"fusion-title-heading title-heading-center fusion-responsive-typography-calculated\" style=\"margin:0;font-size:1em;--fontSize:30;line-height:1.2;\">Interessato?<\/h2><\/div><div class=\"fusion-text fusion-text-7\" style=\"--awb-content-alignment:center;--awb-text-color:#ffffff;\"><p>Contattaci per maggiori informazioni su Mandato di amministratore delegato | Mandato del consiglio di amministrazione.<\/p>\n<\/div><\/div><\/div><div class=\"fusion-layout-column fusion_builder_column_inner fusion-builder-nested-column-1 fusion_builder_column_inner_1_3 1_3 fusion-flex-column\" style=\"--awb-bg-size:cover;--awb-width-large:33.333333333333%;--awb-margin-top-large:20px;--awb-spacing-right-large:5.76%;--awb-margin-bottom-large:20px;--awb-spacing-left-large:5.76%;--awb-width-medium:33.333333333333%;--awb-order-medium:0;--awb-spacing-right-medium:5.76%;--awb-spacing-left-medium:5.76%;--awb-width-small:100%;--awb-order-small:0;--awb-spacing-right-small:1.92%;--awb-spacing-left-small:1.92%;\"><div class=\"fusion-column-wrapper fusion-column-has-shadow fusion-flex-justify-content-flex-start fusion-content-layout-column\"><i class=\"fb-icon-element-3 fb-icon-element fontawesome-icon icon-accountant-call-us circle-no fusion-text-flow icon-hover-animation-slide\" style=\"--awb-iconcolor:#ffffff;--awb-iconcolor-hover:#0768af;--awb-font-size:32px;--awb-margin-bottom:16px;\"><\/i><div class=\"fusion-text fusion-text-8 fusion-text-no-margin\" style=\"--awb-text-color:#ffffff;--awb-margin-bottom:0px;\"><p>Chiamaci al<\/p>\n<\/div><div class=\"fusion-title title fusion-title-10 fusion-sep-none fusion-title-text fusion-title-size-four\" style=\"--awb-text-color:#ffffff;--awb-margin-top-small:10px;--awb-margin-right-small:0px;--awb-margin-bottom-small:20px;--awb-margin-left-small:0px;--awb-link-color:#ffffff;\"><h4 class=\"fusion-title-heading title-heading-left fusion-responsive-typography-calculated\" style=\"margin:0;--fontSize:22;--minFontSize:22;line-height:1.42;\"><a href=\"#\" class=\"awb-custom-text-color awb-custom-text-hover-color\" target=\"_self\"><a href=\"tel:+41414800008\">+41 41 480 00 08<\/a><\/a><\/h4><\/div><\/div><\/div><div class=\"fusion-layout-column fusion_builder_column_inner fusion-builder-nested-column-2 fusion_builder_column_inner_1_3 1_3 fusion-flex-column\" style=\"--awb-bg-size:cover;--awb-width-large:33.333333333333%;--awb-margin-top-large:20px;--awb-spacing-right-large:5.76%;--awb-margin-bottom-large:20px;--awb-spacing-left-large:5.76%;--awb-width-medium:33.333333333333%;--awb-order-medium:0;--awb-spacing-right-medium:5.76%;--awb-spacing-left-medium:5.76%;--awb-width-small:100%;--awb-order-small:0;--awb-spacing-right-small:1.92%;--awb-spacing-left-small:1.92%;\"><div class=\"fusion-column-wrapper fusion-column-has-shadow fusion-flex-justify-content-flex-start fusion-content-layout-column\"><i class=\"fb-icon-element-4 fb-icon-element fontawesome-icon icon-accountant-docs circle-no fusion-text-flow icon-hover-animation-slide\" style=\"--awb-iconcolor:#ffffff;--awb-iconcolor-hover:#0768af;--awb-font-size:32px;--awb-margin-bottom:16px;\"><\/i><div class=\"fusion-text fusion-text-9 fusion-text-no-margin\" style=\"--awb-text-color:#ffffff;--awb-margin-bottom:0px;\"><p>Usa il nostro<\/p>\n<\/div><div class=\"fusion-title title fusion-title-11 fusion-sep-none fusion-title-text fusion-title-size-four\" style=\"--awb-text-color:#ffffff;--awb-margin-top-small:10px;--awb-margin-right-small:0px;--awb-margin-bottom-small:20px;--awb-margin-left-small:0px;--awb-link-color:#ffffff;\"><h4 class=\"fusion-title-heading title-heading-left fusion-responsive-typography-calculated\" style=\"margin:0;--fontSize:22;--minFontSize:22;line-height:1.42;\"><a href=\"https:\/\/www.domizilagentur.ch\/telefonservice\/\" class=\"awb-custom-text-color awb-custom-text-hover-color\" target=\"_self\"><a href=\"https:\/\/www.domizilagentur.ch\/it\/contatto\/\">modulo di contatto<\/a><\/a><\/h4><\/div><\/div><\/div><div class=\"fusion-layout-column fusion_builder_column_inner fusion-builder-nested-column-3 fusion_builder_column_inner_1_3 1_3 fusion-flex-column\" style=\"--awb-bg-size:cover;--awb-width-large:33.333333333333%;--awb-margin-top-large:20px;--awb-spacing-right-large:5.76%;--awb-margin-bottom-large:20px;--awb-spacing-left-large:5.76%;--awb-width-medium:33.333333333333%;--awb-order-medium:0;--awb-spacing-right-medium:5.76%;--awb-spacing-left-medium:5.76%;--awb-width-small:100%;--awb-order-small:0;--awb-spacing-right-small:1.92%;--awb-spacing-left-small:1.92%;\"><div class=\"fusion-column-wrapper fusion-column-has-shadow fusion-flex-justify-content-flex-start fusion-content-layout-column\"><i class=\"fb-icon-element-5 fb-icon-element fontawesome-icon icon-accountant-time circle-no fusion-text-flow icon-hover-animation-slide\" style=\"--awb-iconcolor:#ffffff;--awb-iconcolor-hover:#0768af;--awb-font-size:32px;--awb-margin-bottom:16px;\"><\/i><div class=\"fusion-text fusion-text-10 fusion-text-no-margin\" style=\"--awb-text-color:#ffffff;--awb-margin-bottom:0px;\"><p>Tutto a colpo d\u2019occhio<\/p>\n<\/div><div class=\"fusion-title title fusion-title-12 fusion-sep-none fusion-title-text fusion-title-size-four\" style=\"--awb-text-color:#ffffff;--awb-margin-top-small:10px;--awb-margin-right-small:0px;--awb-margin-bottom-small:20px;--awb-margin-left-small:0px;--awb-link-color:#ffffff;\"><h4 class=\"fusion-title-heading title-heading-left fusion-responsive-typography-calculated\" style=\"margin:0;--fontSize:22;--minFontSize:22;line-height:1.42;\"><a href=\"https:\/\/www.domizilagentur.ch\/anfrageformular\/\" class=\"awb-custom-text-color awb-custom-text-hover-color\" target=\"_self\"><a href=\"https:\/\/www.domizilagentur.ch\/it\/modulo-di-domanda\/\">Richiesta \/ Prenotazione \/ Prezzi<\/a><\/a><\/h4><\/div><\/div><\/div><\/div><\/div><\/div><\/div><\/div><\/p>\n","protected":false},"excerpt":{"rendered":"","protected":false},"author":1,"featured_media":4752,"parent":0,"menu_order":0,"comment_status":"closed","ping_status":"closed","template":"100-width.php","meta":{"footnotes":""},"class_list":["post-4824","page","type-page","status-publish","has-post-thumbnail","hentry"],"yoast_head":"<!-- This site is optimized with the Yoast SEO Premium plugin v28.3 (Yoast SEO v28.3) - https:\/\/yoast.com\/product\/yoast-seo-premium-wordpress\/ -->\n<title>Mandato del consiglio di amministrazione \/ amministratore delegato - Domizilagentur GmbH<\/title>\n<meta name=\"description\" content=\"Mandato di amministrazione | Mandato di amministratore delegato | Mandato di amministrazione in Svizzera, a Zugo e Zurigo,\" \/>\n<meta name=\"robots\" content=\"index, follow, max-snippet:-1, max-image-preview:large, max-video-preview:-1\" \/>\n<link rel=\"canonical\" href=\"https:\/\/www.domizilagentur.ch\/it\/mandato-del-consiglio-di-amministrazione-amministratore-delegato\/\" \/>\n<meta property=\"og:locale\" content=\"it_IT\" \/>\n<meta property=\"og:type\" content=\"article\" \/>\n<meta property=\"og:title\" content=\"Mandato del consiglio di amministrazione \/ amministratore delegato\" \/>\n<meta property=\"og:description\" content=\"Mandato di amministrazione | Mandato di amministratore delegato | Mandato di amministrazione in Svizzera, a Zugo e Zurigo,\" \/>\n<meta property=\"og:url\" content=\"https:\/\/www.domizilagentur.ch\/it\/mandato-del-consiglio-di-amministrazione-amministratore-delegato\/\" \/>\n<meta property=\"og:site_name\" content=\"Domizilagentur GmbH\" \/>\n<meta property=\"article:modified_time\" content=\"2026-03-24T14:22:31+00:00\" \/>\n<meta property=\"og:image\" content=\"https:\/\/www.domizilagentur.ch\/wp-content\/uploads\/2021\/11\/Geschaeftsfuehrer_Verwaltungsrat_Mandat.jpg\" \/>\n\t<meta property=\"og:image:width\" content=\"998\" \/>\n\t<meta property=\"og:image:height\" content=\"1192\" \/>\n\t<meta property=\"og:image:type\" content=\"image\/jpeg\" \/>\n<meta name=\"twitter:card\" content=\"summary_large_image\" \/>\n<meta name=\"twitter:label1\" content=\"Est. reading time\" \/>\n\t<meta name=\"twitter:data1\" content=\"12 minutes\" \/>\n<script type=\"application\/ld+json\" class=\"yoast-schema-graph\">{\"@context\":\"https:\\\/\\\/schema.org\",\"@graph\":[{\"@type\":\"WebPage\",\"@id\":\"https:\\\/\\\/www.domizilagentur.ch\\\/it\\\/mandato-del-consiglio-di-amministrazione-amministratore-delegato\\\/\",\"url\":\"https:\\\/\\\/www.domizilagentur.ch\\\/it\\\/mandato-del-consiglio-di-amministrazione-amministratore-delegato\\\/\",\"name\":\"Mandato del consiglio di amministrazione \\\/ amministratore delegato - Domizilagentur GmbH\",\"isPartOf\":{\"@id\":\"https:\\\/\\\/www.domizilagentur.ch\\\/it\\\/#website\"},\"primaryImageOfPage\":{\"@id\":\"https:\\\/\\\/www.domizilagentur.ch\\\/it\\\/mandato-del-consiglio-di-amministrazione-amministratore-delegato\\\/#primaryimage\"},\"image\":{\"@id\":\"https:\\\/\\\/www.domizilagentur.ch\\\/it\\\/mandato-del-consiglio-di-amministrazione-amministratore-delegato\\\/#primaryimage\"},\"thumbnailUrl\":\"https:\\\/\\\/www.domizilagentur.ch\\\/wp-content\\\/uploads\\\/2021\\\/11\\\/Geschaeftsfuehrer_Verwaltungsrat_Mandat.jpg\",\"datePublished\":\"2022-05-09T10:39:07+00:00\",\"dateModified\":\"2026-03-24T14:22:31+00:00\",\"description\":\"Mandato di amministrazione | Mandato di amministratore delegato | Mandato di amministrazione in Svizzera, a Zugo e Zurigo,\",\"breadcrumb\":{\"@id\":\"https:\\\/\\\/www.domizilagentur.ch\\\/it\\\/mandato-del-consiglio-di-amministrazione-amministratore-delegato\\\/#breadcrumb\"},\"inLanguage\":\"it-IT\",\"potentialAction\":[{\"@type\":\"ReadAction\",\"target\":[\"https:\\\/\\\/www.domizilagentur.ch\\\/it\\\/mandato-del-consiglio-di-amministrazione-amministratore-delegato\\\/\"]}]},{\"@type\":\"ImageObject\",\"inLanguage\":\"it-IT\",\"@id\":\"https:\\\/\\\/www.domizilagentur.ch\\\/it\\\/mandato-del-consiglio-di-amministrazione-amministratore-delegato\\\/#primaryimage\",\"url\":\"https:\\\/\\\/www.domizilagentur.ch\\\/wp-content\\\/uploads\\\/2021\\\/11\\\/Geschaeftsfuehrer_Verwaltungsrat_Mandat.jpg\",\"contentUrl\":\"https:\\\/\\\/www.domizilagentur.ch\\\/wp-content\\\/uploads\\\/2021\\\/11\\\/Geschaeftsfuehrer_Verwaltungsrat_Mandat.jpg\",\"width\":998,\"height\":1192,\"caption\":\"Gesch\u00e4ftsf\u00fchrer Verwaltungsrat VR Mandat Schweiz Zug Z\u00fcrich\"},{\"@type\":\"BreadcrumbList\",\"@id\":\"https:\\\/\\\/www.domizilagentur.ch\\\/it\\\/mandato-del-consiglio-di-amministrazione-amministratore-delegato\\\/#breadcrumb\",\"itemListElement\":[{\"@type\":\"ListItem\",\"position\":1,\"name\":\"Home\",\"item\":\"https:\\\/\\\/www.domizilagentur.ch\\\/it\\\/\"},{\"@type\":\"ListItem\",\"position\":2,\"name\":\"Mandato del consiglio di amministrazione \\\/ amministratore delegato\"}]},{\"@type\":\"WebSite\",\"@id\":\"https:\\\/\\\/www.domizilagentur.ch\\\/it\\\/#website\",\"url\":\"https:\\\/\\\/www.domizilagentur.ch\\\/it\\\/\",\"name\":\"Domizilagentur GmbH\",\"description\":\"\",\"publisher\":{\"@id\":\"https:\\\/\\\/www.domizilagentur.ch\\\/it\\\/#organization\"},\"potentialAction\":[{\"@type\":\"SearchAction\",\"target\":{\"@type\":\"EntryPoint\",\"urlTemplate\":\"https:\\\/\\\/www.domizilagentur.ch\\\/it\\\/?s={search_term_string}\"},\"query-input\":{\"@type\":\"PropertyValueSpecification\",\"valueRequired\":true,\"valueName\":\"search_term_string\"}}],\"inLanguage\":\"it-IT\"},{\"@type\":\"Organization\",\"@id\":\"https:\\\/\\\/www.domizilagentur.ch\\\/it\\\/#organization\",\"name\":\"Domizilagentur GmbH\",\"url\":\"https:\\\/\\\/www.domizilagentur.ch\\\/it\\\/\",\"logo\":{\"@type\":\"ImageObject\",\"inLanguage\":\"it-IT\",\"@id\":\"https:\\\/\\\/www.domizilagentur.ch\\\/it\\\/#\\\/schema\\\/logo\\\/image\\\/\",\"url\":\"\",\"contentUrl\":\"\",\"caption\":\"Domizilagentur GmbH\"},\"image\":{\"@id\":\"https:\\\/\\\/www.domizilagentur.ch\\\/it\\\/#\\\/schema\\\/logo\\\/image\\\/\"}}]}<\/script>\n<!-- \/ Yoast SEO Premium plugin. -->","yoast_head_json":{"title":"Mandato del consiglio di amministrazione \/ amministratore delegato - Domizilagentur GmbH","description":"Mandato di amministrazione | Mandato di amministratore delegato | Mandato di amministrazione in Svizzera, a Zugo e Zurigo,","robots":{"index":"index","follow":"follow","max-snippet":"max-snippet:-1","max-image-preview":"max-image-preview:large","max-video-preview":"max-video-preview:-1"},"canonical":"https:\/\/www.domizilagentur.ch\/it\/mandato-del-consiglio-di-amministrazione-amministratore-delegato\/","og_locale":"it_IT","og_type":"article","og_title":"Mandato del consiglio di amministrazione \/ amministratore delegato","og_description":"Mandato di amministrazione | Mandato di amministratore delegato | Mandato di amministrazione in Svizzera, a Zugo e Zurigo,","og_url":"https:\/\/www.domizilagentur.ch\/it\/mandato-del-consiglio-di-amministrazione-amministratore-delegato\/","og_site_name":"Domizilagentur GmbH","article_modified_time":"2026-03-24T14:22:31+00:00","og_image":[{"width":998,"height":1192,"url":"https:\/\/www.domizilagentur.ch\/wp-content\/uploads\/2021\/11\/Geschaeftsfuehrer_Verwaltungsrat_Mandat.jpg","type":"image\/jpeg"}],"twitter_card":"summary_large_image","twitter_misc":{"Est. reading time":"12 minutes"},"schema":{"@context":"https:\/\/schema.org","@graph":[{"@type":"WebPage","@id":"https:\/\/www.domizilagentur.ch\/it\/mandato-del-consiglio-di-amministrazione-amministratore-delegato\/","url":"https:\/\/www.domizilagentur.ch\/it\/mandato-del-consiglio-di-amministrazione-amministratore-delegato\/","name":"Mandato del consiglio di amministrazione \/ amministratore delegato - Domizilagentur GmbH","isPartOf":{"@id":"https:\/\/www.domizilagentur.ch\/it\/#website"},"primaryImageOfPage":{"@id":"https:\/\/www.domizilagentur.ch\/it\/mandato-del-consiglio-di-amministrazione-amministratore-delegato\/#primaryimage"},"image":{"@id":"https:\/\/www.domizilagentur.ch\/it\/mandato-del-consiglio-di-amministrazione-amministratore-delegato\/#primaryimage"},"thumbnailUrl":"https:\/\/www.domizilagentur.ch\/wp-content\/uploads\/2021\/11\/Geschaeftsfuehrer_Verwaltungsrat_Mandat.jpg","datePublished":"2022-05-09T10:39:07+00:00","dateModified":"2026-03-24T14:22:31+00:00","description":"Mandato di amministrazione | Mandato di amministratore delegato | Mandato di amministrazione in Svizzera, a Zugo e Zurigo,","breadcrumb":{"@id":"https:\/\/www.domizilagentur.ch\/it\/mandato-del-consiglio-di-amministrazione-amministratore-delegato\/#breadcrumb"},"inLanguage":"it-IT","potentialAction":[{"@type":"ReadAction","target":["https:\/\/www.domizilagentur.ch\/it\/mandato-del-consiglio-di-amministrazione-amministratore-delegato\/"]}]},{"@type":"ImageObject","inLanguage":"it-IT","@id":"https:\/\/www.domizilagentur.ch\/it\/mandato-del-consiglio-di-amministrazione-amministratore-delegato\/#primaryimage","url":"https:\/\/www.domizilagentur.ch\/wp-content\/uploads\/2021\/11\/Geschaeftsfuehrer_Verwaltungsrat_Mandat.jpg","contentUrl":"https:\/\/www.domizilagentur.ch\/wp-content\/uploads\/2021\/11\/Geschaeftsfuehrer_Verwaltungsrat_Mandat.jpg","width":998,"height":1192,"caption":"Gesch\u00e4ftsf\u00fchrer Verwaltungsrat VR Mandat Schweiz Zug Z\u00fcrich"},{"@type":"BreadcrumbList","@id":"https:\/\/www.domizilagentur.ch\/it\/mandato-del-consiglio-di-amministrazione-amministratore-delegato\/#breadcrumb","itemListElement":[{"@type":"ListItem","position":1,"name":"Home","item":"https:\/\/www.domizilagentur.ch\/it\/"},{"@type":"ListItem","position":2,"name":"Mandato del consiglio di amministrazione \/ amministratore delegato"}]},{"@type":"WebSite","@id":"https:\/\/www.domizilagentur.ch\/it\/#website","url":"https:\/\/www.domizilagentur.ch\/it\/","name":"Domizilagentur GmbH","description":"","publisher":{"@id":"https:\/\/www.domizilagentur.ch\/it\/#organization"},"potentialAction":[{"@type":"SearchAction","target":{"@type":"EntryPoint","urlTemplate":"https:\/\/www.domizilagentur.ch\/it\/?s={search_term_string}"},"query-input":{"@type":"PropertyValueSpecification","valueRequired":true,"valueName":"search_term_string"}}],"inLanguage":"it-IT"},{"@type":"Organization","@id":"https:\/\/www.domizilagentur.ch\/it\/#organization","name":"Domizilagentur GmbH","url":"https:\/\/www.domizilagentur.ch\/it\/","logo":{"@type":"ImageObject","inLanguage":"it-IT","@id":"https:\/\/www.domizilagentur.ch\/it\/#\/schema\/logo\/image\/","url":"","contentUrl":"","caption":"Domizilagentur GmbH"},"image":{"@id":"https:\/\/www.domizilagentur.ch\/it\/#\/schema\/logo\/image\/"}}]}},"_links":{"self":[{"href":"https:\/\/www.domizilagentur.ch\/it\/wp-json\/wp\/v2\/pages\/4824","targetHints":{"allow":["GET"]}}],"collection":[{"href":"https:\/\/www.domizilagentur.ch\/it\/wp-json\/wp\/v2\/pages"}],"about":[{"href":"https:\/\/www.domizilagentur.ch\/it\/wp-json\/wp\/v2\/types\/page"}],"author":[{"embeddable":true,"href":"https:\/\/www.domizilagentur.ch\/it\/wp-json\/wp\/v2\/users\/1"}],"replies":[{"embeddable":true,"href":"https:\/\/www.domizilagentur.ch\/it\/wp-json\/wp\/v2\/comments?post=4824"}],"version-history":[{"count":0,"href":"https:\/\/www.domizilagentur.ch\/it\/wp-json\/wp\/v2\/pages\/4824\/revisions"}],"wp:featuredmedia":[{"embeddable":true,"href":"https:\/\/www.domizilagentur.ch\/it\/wp-json\/wp\/v2\/media\/4752"}],"wp:attachment":[{"href":"https:\/\/www.domizilagentur.ch\/it\/wp-json\/wp\/v2\/media?parent=4824"}],"curies":[{"name":"wp","href":"https:\/\/api.w.org\/{rel}","templated":true}]}}